{"id":6044,"date":"2022-03-19T14:14:00","date_gmt":"2022-03-19T14:14:00","guid":{"rendered":"https:\/\/www.brindisiexperience.com\/ueber-uns\/"},"modified":"2024-02-09T18:08:07","modified_gmt":"2024-02-09T18:08:07","slug":"ueber-uns","status":"publish","type":"page","link":"https:\/\/www.brindisiexperience.com\/de\/ueber-uns\/","title":{"rendered":"\u00dcber uns"},"content":{"rendered":"<p><div class=\"fusion-fullwidth fullwidth-box fusion-builder-row-1 fusion-flex-container nonhundred-percent-fullwidth non-hundred-percent-height-scrolling\" style=\"--awb-border-sizes-top:0px;--awb-border-sizes-bottom:0px;--awb-border-sizes-left:0px;--awb-border-sizes-right:0px;--awb-border-radius-top-left:0px;--awb-border-radius-top-right:0px;--awb-border-radius-bottom-right:0px;--awb-border-radius-bottom-left:0px;--awb-padding-top:40px;--awb-padding-bottom:60px;--awb-flex-wrap:wrap;\" ><div class=\"fusion-builder-row fusion-row fusion-flex-align-items-flex-start fusion-flex-content-wrap\" style=\"max-width:1216.8px;margin-left: calc(-4% \/ 2 );margin-right: calc(-4% \/ 2 );\"><div class=\"fusion-layout-column fusion_builder_column fusion-builder-column-0 fusion_builder_column_1_2 1_2 fusion-flex-column\" style=\"--awb-bg-size:cover;--awb-width-large:50%;--awb-margin-top-large:0px;--awb-spacing-right-large:3.84%;--awb-margin-bottom-large:20px;--awb-spacing-left-large:3.84%;--awb-width-medium:100%;--awb-spacing-right-medium:1.92%;--awb-spacing-left-medium:1.92%;--awb-width-small:100%;--awb-spacing-right-small:1.92%;--awb-spacing-left-small:1.92%;\"><div class=\"fusion-column-wrapper fusion-flex-justify-content-flex-start fusion-content-layout-column\"><div class=\"fusion-video fusion-selfhosted-video\" style=\"max-width:100%;\"><div class=\"video-wrapper\"><video playsinline=\"true\" width=\"100%\" style=\"object-fit: cover;\" preload=\"auto\" controls=\"1\"><source src=\"https:\/\/www.brindisiexperience.com\/wp-content\/uploads\/2022\/02\/tour-puglia_FULL_HD.mp4\" type=\"video\/mp4\">Sorry, your browser doesn&#039;t support embedded videos.<\/video><\/div><\/div><\/div><\/div><div class=\"fusion-layout-column fusion_builder_column fusion-builder-column-1 fusion_builder_column_1_2 1_2 fusion-flex-column\" style=\"--awb-bg-size:cover;--awb-width-large:50%;--awb-margin-top-large:0px;--awb-spacing-right-large:3.84%;--awb-margin-bottom-large:20px;--awb-spacing-left-large:3.84%;--awb-width-medium:100%;--awb-spacing-right-medium:1.92%;--awb-spacing-left-medium:1.92%;--awb-width-small:100%;--awb-spacing-right-small:1.92%;--awb-spacing-left-small:1.92%;\"><div class=\"fusion-column-wrapper fusion-flex-justify-content-flex-start fusion-content-layout-column\"><div class=\"fusion-text fusion-text-1\"><p style=\"letter-spacing: 3px;\">WILLKOMMEN BEI BRINDISI EXPERIENCE!<\/p>\n<\/div><div class=\"fusion-title title fusion-title-1 fusion-title-text fusion-title-size-two\"><div class=\"title-sep-container title-sep-container-left fusion-no-large-visibility fusion-no-medium-visibility fusion-no-small-visibility\"><div class=\"title-sep sep- sep-solid\" style=\"border-color:#e2e2e2;\"><\/div><\/div><span class=\"awb-title-spacer fusion-no-large-visibility fusion-no-medium-visibility fusion-no-small-visibility\"><\/span><h2 class=\"fusion-title-heading title-heading-left fusion-responsive-typography-calculated\" style=\"margin:0;--fontSize:35;line-height:1.2;\">Brindisi Experience ist die beste Wahl f\u00fcr alle, die ein 360\u00b0-Erlebnis in Apulien suchen!<\/h2><span class=\"awb-title-spacer\"><\/span><div class=\"title-sep-container title-sep-container-right\"><div class=\"title-sep sep- sep-solid\" style=\"border-color:#e2e2e2;\"><\/div><\/div><\/div><div class=\"fusion-image-element \" style=\"--awb-mask-url: url(https:\/\/www.brindisiexperience.com\/wp-content\/plugins\/fusion-builder\/\/assets\/images\/masks\/mask-14.svg);--awb-margin-bottom:30px;--awb-caption-title-font-family:var(--h2_typography-font-family);--awb-caption-title-font-weight:var(--h2_typography-font-weight);--awb-caption-title-font-style:var(--h2_typography-font-style);--awb-caption-title-size:var(--h2_typography-font-size);--awb-caption-title-transform:var(--h2_typography-text-transform);--awb-caption-title-line-height:var(--h2_typography-line-height);--awb-caption-title-letter-spacing:var(--h2_typography-letter-spacing);\"><span class=\" fusion-imageframe imageframe-none imageframe-1 hover-type-none has-mask\"><img decoding=\"async\" width=\"500\" height=\"152\" alt=\"Toast bei Sonnenuntergang\" title=\"Toast bei Sonnenuntergang\" src=\"https:\/\/www.brindisiexperience.com\/wp-content\/uploads\/2022\/02\/brindisi-al-tramonto.jpg\" data-orig-src=\"https:\/\/www.brindisiexperience.com\/wp-content\/uploads\/2022\/02\/brindisi-al-tramonto.jpg\" class=\"lazyload img-responsive wp-image-5221\" srcset=\"data:image\/svg+xml,%3Csvg%20xmlns%3D%27http%3A%2F%2Fwww.w3.org%2F2000%2Fsvg%27%20width%3D%27500%27%20height%3D%27152%27%20viewBox%3D%270%200%20500%20152%27%3E%3Crect%20width%3D%27500%27%20height%3D%27152%27%20fill-opacity%3D%220%22%2F%3E%3C%2Fsvg%3E\" data-srcset=\"https:\/\/www.brindisiexperience.com\/wp-content\/uploads\/2022\/02\/brindisi-al-tramonto-200x61.jpg 200w, https:\/\/www.brindisiexperience.com\/wp-content\/uploads\/2022\/02\/brindisi-al-tramonto-400x122.jpg 400w, https:\/\/www.brindisiexperience.com\/wp-content\/uploads\/2022\/02\/brindisi-al-tramonto.jpg 500w\" data-sizes=\"auto\" data-orig-sizes=\"(max-width: 1024px) 100vw, (max-width: 640px) 100vw, 500px\" \/><\/span><\/div><div class=\"fusion-text fusion-text-2\" style=\"--awb-text-transform:none;\"><p>Unsere Touren sind erlebnisorientiert und darauf ausgerichtet, dem Kunden eine auf seine Bed\u00fcrfnisse und Vorlieben zugeschnittene Reise zu bieten. Von gastronomischen Erlebnissen bis hin zu unterhaltsamen Aktivit\u00e4ten k\u00f6nnen wir den meisten Menschen alles bieten, was sie brauchen, um sich wie im Urlaub zu f\u00fchlen. Dank der Sch\u00f6nheit unserer Region sind wir sicher, dass Sie alles, was Sie erleben, zu sch\u00e4tzen wissen werden. Wir werden Ihnen starke Emotionen vermitteln, Sie aber auch an die Gurgel nehmen, in reinem apulischen Stil.<\/p>\n<\/div><\/div><\/div><\/div><\/div><div class=\"fusion-fullwidth fullwidth-box fusion-builder-row-2 fusion-flex-container has-pattern-background has-mask-background nonhundred-percent-fullwidth non-hundred-percent-height-scrolling\" style=\"--awb-border-radius-top-left:0px;--awb-border-radius-top-right:0px;--awb-border-radius-bottom-right:0px;--awb-border-radius-bottom-left:0px;--awb-padding-top:90px;--awb-padding-bottom:20px;--awb-background-color:#ff7b00;--awb-flex-wrap:wrap;\" ><div class=\"fusion-builder-row fusion-row fusion-flex-align-items-flex-start fusion-flex-content-wrap\" style=\"max-width:1216.8px;margin-left: calc(-4% \/ 2 );margin-right: calc(-4% \/ 2 );\"><div class=\"fusion-layout-column fusion_builder_column fusion-builder-column-2 fusion_builder_column_1_1 1_1 fusion-flex-column\" style=\"--awb-bg-size:cover;--awb-width-large:100%;--awb-margin-top-large:20px;--awb-spacing-right-large:1.92%;--awb-margin-bottom-large:20px;--awb-spacing-left-large:1.92%;--awb-width-medium:100%;--awb-order-medium:0;--awb-spacing-right-medium:1.92%;--awb-spacing-left-medium:1.92%;--awb-width-small:100%;--awb-order-small:0;--awb-spacing-right-small:1.92%;--awb-spacing-left-small:1.92%;\" data-scroll-devices=\"small-visibility,medium-visibility,large-visibility\"><div class=\"fusion-column-wrapper fusion-column-has-shadow fusion-flex-justify-content-flex-start fusion-content-layout-column\"><div class=\"fusion-title title fusion-title-2 fusion-sep-none fusion-title-highlight fusion-animate-once fusion-highlight-underline fusion-title-size-two\" style=\"--awb-text-color:#ffffff;--awb-font-size:42px;\" data-highlight=\"underline\"><h2 class=\"fusion-title-heading title-heading-left fusion-responsive-typography-calculated\" style=\"margin:0;font-size:1em;--fontSize:42;line-height:1.2;text-shadow:0px;\"><span class=\"fusion-highlighted-text-prefix\">Partecipazioni a <\/span> <span class=\"fusion-highlighted-text-wrapper\"><span class=\"fusion-highlighted-text\">Fiere ed Eventi<\/span><svg xmlns=\"http:\/\/www.w3.org\/2000\/svg\" viewBox=\"0 0 500 150\" preserveAspectRatio=\"none\"><path d=\"M8.1,146.2c0,0,240.6-55.6,479-13.8\"><\/path><\/svg><\/span> <span class=\"fusion-highlighted-text-postfix\"><\/span><\/h2><\/div><div class=\"fusion-title title fusion-title-3 fusion-title-text fusion-title-size-three\" style=\"--awb-text-color:#ffffff;\"><div class=\"title-sep-container title-sep-container-left fusion-no-large-visibility fusion-no-medium-visibility fusion-no-small-visibility\"><div class=\"title-sep sep- sep-solid\" style=\"border-color:#e2e2e2;\"><\/div><\/div><span class=\"awb-title-spacer fusion-no-large-visibility fusion-no-medium-visibility fusion-no-small-visibility\"><\/span><h3 class=\"fusion-title-heading title-heading-left fusion-responsive-typography-calculated\" style=\"margin:0;--fontSize:28;line-height:1.6;\">Salone Internazionale del Turismo Svizzero a Lugano<\/h3><span class=\"awb-title-spacer\"><\/span><div class=\"title-sep-container title-sep-container-right\"><div class=\"title-sep sep- sep-solid\" style=\"border-color:#e2e2e2;\"><\/div><\/div><\/div><div class=\"fusion-text fusion-text-3\" style=\"--awb-text-color:#ffffff;\"><p>Celebre per attrarre migliaia di visitatori e operatori turistici provenienti da tutto il mondo, \u00e8 stato lo scenario perfetto per Brindisi Experience. Il nostro tour operator ha presentato le sue proposte uniche e innovative, mettendo in evidenza le bellezze paesaggistiche, culturali e enogastronomiche della regione Puglia.<\/p>\n<\/div><\/div><\/div><div class=\"fusion-layout-column fusion_builder_column fusion-builder-column-3 fusion_builder_column_1_1 1_1 fusion-flex-column\" style=\"--awb-bg-size:cover;--awb-width-large:100%;--awb-margin-top-large:0px;--awb-spacing-right-large:1.92%;--awb-margin-bottom-large:20px;--awb-spacing-left-large:1.92%;--awb-width-medium:100%;--awb-order-medium:0;--awb-spacing-right-medium:1.92%;--awb-spacing-left-medium:1.92%;--awb-width-small:100%;--awb-order-small:0;--awb-spacing-right-small:1.92%;--awb-spacing-left-small:1.92%;\"><div class=\"fusion-column-wrapper fusion-column-has-shadow fusion-flex-justify-content-flex-start fusion-content-layout-column\"><div class=\"fusion-image-carousel fusion-image-carousel-auto fusion-image-carousel-1 lightbox-enabled fusion-carousel-border\"><div class=\"awb-carousel awb-swiper awb-swiper-carousel awb-carousel--carousel awb-swiper-dots-position-bottom\" data-layout=\"carousel\" data-autoplay=\"yes\" data-autoplayspeed=\"2500\" data-autoplaypause=\"no\" data-columns=\"3\" data-columnsmedium=\"1\" data-columnssmall=\"1\" data-itemmargin=\"13\" data-itemwidth=\"180\" data-touchscroll=\"no\" data-freemode=\"no\" data-imagesize=\"auto\" data-scrollitems=\"0\" data-centeredslides=\"no\" data-rotationangle=\"50\" data-depth=\"100\" data-speed=\"500\" data-shadow=\"no\" data-pagination=\"bullets\" style=\"--awb-columns:3;--awb-border-width:1px;--awb-border-color:#e9eaee;\"><div class=\"swiper-wrapper awb-image-carousel-wrapper fusion-flex-align-items-center\"><div class=\"swiper-slide\"><div class=\"fusion-carousel-item-wrapper\"><div class=\"fusion-image-wrapper hover-type-zoomin\"><a data-rel=\"iLightbox[image_carousel_1]\" data-title=\"Lugano, Salone Internazionale Svizzero delle Vacanze (4)\" aria-label=\"Lugano, Salone Internazionale Svizzero delle Vacanze (4)\" href=\"https:\/\/www.brindisiexperience.com\/wp-content\/uploads\/2023\/11\/Lugano-Salone-Internazionale-Svizzero-delle-Vacanze-4.jpg\" target=\"_self\"><img decoding=\"async\" width=\"1300\" height=\"1000\" src=\"https:\/\/www.brindisiexperience.com\/wp-content\/uploads\/2023\/11\/Lugano-Salone-Internazionale-Svizzero-delle-Vacanze-4.jpg\" class=\"attachment-full size-full lazyload\" alt=\"\" srcset=\"data:image\/svg+xml,%3Csvg%20xmlns%3D%27http%3A%2F%2Fwww.w3.org%2F2000%2Fsvg%27%20width%3D%271300%27%20height%3D%271000%27%20viewBox%3D%270%200%201300%201000%27%3E%3Crect%20width%3D%271300%27%20height%3D%271000%27%20fill-opacity%3D%220%22%2F%3E%3C%2Fsvg%3E\" data-orig-src=\"https:\/\/www.brindisiexperience.com\/wp-content\/uploads\/2023\/11\/Lugano-Salone-Internazionale-Svizzero-delle-Vacanze-4.jpg\" data-srcset=\"https:\/\/www.brindisiexperience.com\/wp-content\/uploads\/2023\/11\/Lugano-Salone-Internazionale-Svizzero-delle-Vacanze-4-200x154.jpg 200w, https:\/\/www.brindisiexperience.com\/wp-content\/uploads\/2023\/11\/Lugano-Salone-Internazionale-Svizzero-delle-Vacanze-4-400x308.jpg 400w, https:\/\/www.brindisiexperience.com\/wp-content\/uploads\/2023\/11\/Lugano-Salone-Internazionale-Svizzero-delle-Vacanze-4-600x462.jpg 600w, https:\/\/www.brindisiexperience.com\/wp-content\/uploads\/2023\/11\/Lugano-Salone-Internazionale-Svizzero-delle-Vacanze-4-800x615.jpg 800w, https:\/\/www.brindisiexperience.com\/wp-content\/uploads\/2023\/11\/Lugano-Salone-Internazionale-Svizzero-delle-Vacanze-4-1200x923.jpg 1200w, https:\/\/www.brindisiexperience.com\/wp-content\/uploads\/2023\/11\/Lugano-Salone-Internazionale-Svizzero-delle-Vacanze-4.jpg 1300w\" data-sizes=\"auto\" \/><\/a><\/div><\/div><\/div><div class=\"swiper-slide\"><div class=\"fusion-carousel-item-wrapper\"><div class=\"fusion-image-wrapper hover-type-zoomin\"><a data-rel=\"iLightbox[image_carousel_1]\" data-title=\"Lugano, Salone Internazionale Svizzero delle Vacanze (7)\" aria-label=\"Lugano, Salone Internazionale Svizzero delle Vacanze (7)\" href=\"https:\/\/www.brindisiexperience.com\/wp-content\/uploads\/2023\/11\/Lugano-Salone-Internazionale-Svizzero-delle-Vacanze-7.jpg\" target=\"_self\"><img decoding=\"async\" width=\"1300\" height=\"1000\" src=\"https:\/\/www.brindisiexperience.com\/wp-content\/uploads\/2023\/11\/Lugano-Salone-Internazionale-Svizzero-delle-Vacanze-7.jpg\" class=\"attachment-full size-full lazyload\" alt=\"\" srcset=\"data:image\/svg+xml,%3Csvg%20xmlns%3D%27http%3A%2F%2Fwww.w3.org%2F2000%2Fsvg%27%20width%3D%271300%27%20height%3D%271000%27%20viewBox%3D%270%200%201300%201000%27%3E%3Crect%20width%3D%271300%27%20height%3D%271000%27%20fill-opacity%3D%220%22%2F%3E%3C%2Fsvg%3E\" data-orig-src=\"https:\/\/www.brindisiexperience.com\/wp-content\/uploads\/2023\/11\/Lugano-Salone-Internazionale-Svizzero-delle-Vacanze-7.jpg\" data-srcset=\"https:\/\/www.brindisiexperience.com\/wp-content\/uploads\/2023\/11\/Lugano-Salone-Internazionale-Svizzero-delle-Vacanze-7-200x154.jpg 200w, https:\/\/www.brindisiexperience.com\/wp-content\/uploads\/2023\/11\/Lugano-Salone-Internazionale-Svizzero-delle-Vacanze-7-400x308.jpg 400w, https:\/\/www.brindisiexperience.com\/wp-content\/uploads\/2023\/11\/Lugano-Salone-Internazionale-Svizzero-delle-Vacanze-7-600x462.jpg 600w, https:\/\/www.brindisiexperience.com\/wp-content\/uploads\/2023\/11\/Lugano-Salone-Internazionale-Svizzero-delle-Vacanze-7-800x615.jpg 800w, https:\/\/www.brindisiexperience.com\/wp-content\/uploads\/2023\/11\/Lugano-Salone-Internazionale-Svizzero-delle-Vacanze-7-1200x923.jpg 1200w, https:\/\/www.brindisiexperience.com\/wp-content\/uploads\/2023\/11\/Lugano-Salone-Internazionale-Svizzero-delle-Vacanze-7.jpg 1300w\" data-sizes=\"auto\" \/><\/a><\/div><\/div><\/div><div class=\"swiper-slide\"><div class=\"fusion-carousel-item-wrapper\"><div class=\"fusion-image-wrapper hover-type-zoomin\"><a data-rel=\"iLightbox[image_carousel_1]\" data-title=\"Lugano, Salone Internazionale Svizzero delle Vacanze (9)\" aria-label=\"Lugano, Salone Internazionale Svizzero delle Vacanze (9)\" href=\"https:\/\/www.brindisiexperience.com\/wp-content\/uploads\/2023\/11\/Lugano-Salone-Internazionale-Svizzero-delle-Vacanze-9.jpg\" target=\"_self\"><img decoding=\"async\" width=\"1300\" height=\"1000\" src=\"https:\/\/www.brindisiexperience.com\/wp-content\/uploads\/2023\/11\/Lugano-Salone-Internazionale-Svizzero-delle-Vacanze-9.jpg\" class=\"attachment-full size-full lazyload\" alt=\"\" srcset=\"data:image\/svg+xml,%3Csvg%20xmlns%3D%27http%3A%2F%2Fwww.w3.org%2F2000%2Fsvg%27%20width%3D%271300%27%20height%3D%271000%27%20viewBox%3D%270%200%201300%201000%27%3E%3Crect%20width%3D%271300%27%20height%3D%271000%27%20fill-opacity%3D%220%22%2F%3E%3C%2Fsvg%3E\" data-orig-src=\"https:\/\/www.brindisiexperience.com\/wp-content\/uploads\/2023\/11\/Lugano-Salone-Internazionale-Svizzero-delle-Vacanze-9.jpg\" data-srcset=\"https:\/\/www.brindisiexperience.com\/wp-content\/uploads\/2023\/11\/Lugano-Salone-Internazionale-Svizzero-delle-Vacanze-9-200x154.jpg 200w, https:\/\/www.brindisiexperience.com\/wp-content\/uploads\/2023\/11\/Lugano-Salone-Internazionale-Svizzero-delle-Vacanze-9-400x308.jpg 400w, https:\/\/www.brindisiexperience.com\/wp-content\/uploads\/2023\/11\/Lugano-Salone-Internazionale-Svizzero-delle-Vacanze-9-600x462.jpg 600w, https:\/\/www.brindisiexperience.com\/wp-content\/uploads\/2023\/11\/Lugano-Salone-Internazionale-Svizzero-delle-Vacanze-9-800x615.jpg 800w, https:\/\/www.brindisiexperience.com\/wp-content\/uploads\/2023\/11\/Lugano-Salone-Internazionale-Svizzero-delle-Vacanze-9-1200x923.jpg 1200w, https:\/\/www.brindisiexperience.com\/wp-content\/uploads\/2023\/11\/Lugano-Salone-Internazionale-Svizzero-delle-Vacanze-9.jpg 1300w\" data-sizes=\"auto\" \/><\/a><\/div><\/div><\/div><div class=\"swiper-slide\"><div class=\"fusion-carousel-item-wrapper\"><div class=\"fusion-image-wrapper hover-type-zoomin\"><a data-rel=\"iLightbox[image_carousel_1]\" data-title=\"Lugano, Salone Internazionale Svizzero delle Vacanze (11)\" aria-label=\"Lugano, Salone Internazionale Svizzero delle Vacanze (11)\" href=\"https:\/\/www.brindisiexperience.com\/wp-content\/uploads\/2023\/11\/Lugano-Salone-Internazionale-Svizzero-delle-Vacanze-11.jpg\" target=\"_self\"><img decoding=\"async\" width=\"1300\" height=\"1000\" src=\"https:\/\/www.brindisiexperience.com\/wp-content\/uploads\/2023\/11\/Lugano-Salone-Internazionale-Svizzero-delle-Vacanze-11.jpg\" class=\"attachment-full size-full lazyload\" alt=\"\" srcset=\"data:image\/svg+xml,%3Csvg%20xmlns%3D%27http%3A%2F%2Fwww.w3.org%2F2000%2Fsvg%27%20width%3D%271300%27%20height%3D%271000%27%20viewBox%3D%270%200%201300%201000%27%3E%3Crect%20width%3D%271300%27%20height%3D%271000%27%20fill-opacity%3D%220%22%2F%3E%3C%2Fsvg%3E\" data-orig-src=\"https:\/\/www.brindisiexperience.com\/wp-content\/uploads\/2023\/11\/Lugano-Salone-Internazionale-Svizzero-delle-Vacanze-11.jpg\" data-srcset=\"https:\/\/www.brindisiexperience.com\/wp-content\/uploads\/2023\/11\/Lugano-Salone-Internazionale-Svizzero-delle-Vacanze-11-200x154.jpg 200w, https:\/\/www.brindisiexperience.com\/wp-content\/uploads\/2023\/11\/Lugano-Salone-Internazionale-Svizzero-delle-Vacanze-11-400x308.jpg 400w, https:\/\/www.brindisiexperience.com\/wp-content\/uploads\/2023\/11\/Lugano-Salone-Internazionale-Svizzero-delle-Vacanze-11-600x462.jpg 600w, https:\/\/www.brindisiexperience.com\/wp-content\/uploads\/2023\/11\/Lugano-Salone-Internazionale-Svizzero-delle-Vacanze-11-800x615.jpg 800w, https:\/\/www.brindisiexperience.com\/wp-content\/uploads\/2023\/11\/Lugano-Salone-Internazionale-Svizzero-delle-Vacanze-11-1200x923.jpg 1200w, https:\/\/www.brindisiexperience.com\/wp-content\/uploads\/2023\/11\/Lugano-Salone-Internazionale-Svizzero-delle-Vacanze-11.jpg 1300w\" data-sizes=\"auto\" \/><\/a><\/div><\/div><\/div><div class=\"swiper-slide\"><div class=\"fusion-carousel-item-wrapper\"><div class=\"fusion-image-wrapper hover-type-zoomin\"><a data-rel=\"iLightbox[image_carousel_1]\" data-title=\"Lugano, Salone Internazionale Svizzero delle Vacanze (14)\" aria-label=\"Lugano, Salone Internazionale Svizzero delle Vacanze (14)\" href=\"https:\/\/www.brindisiexperience.com\/wp-content\/uploads\/2023\/11\/Lugano-Salone-Internazionale-Svizzero-delle-Vacanze-14.jpg\" target=\"_self\"><img decoding=\"async\" width=\"1300\" height=\"1000\" src=\"https:\/\/www.brindisiexperience.com\/wp-content\/uploads\/2023\/11\/Lugano-Salone-Internazionale-Svizzero-delle-Vacanze-14.jpg\" class=\"attachment-full size-full lazyload\" alt=\"\" srcset=\"data:image\/svg+xml,%3Csvg%20xmlns%3D%27http%3A%2F%2Fwww.w3.org%2F2000%2Fsvg%27%20width%3D%271300%27%20height%3D%271000%27%20viewBox%3D%270%200%201300%201000%27%3E%3Crect%20width%3D%271300%27%20height%3D%271000%27%20fill-opacity%3D%220%22%2F%3E%3C%2Fsvg%3E\" data-orig-src=\"https:\/\/www.brindisiexperience.com\/wp-content\/uploads\/2023\/11\/Lugano-Salone-Internazionale-Svizzero-delle-Vacanze-14.jpg\" data-srcset=\"https:\/\/www.brindisiexperience.com\/wp-content\/uploads\/2023\/11\/Lugano-Salone-Internazionale-Svizzero-delle-Vacanze-14-200x154.jpg 200w, https:\/\/www.brindisiexperience.com\/wp-content\/uploads\/2023\/11\/Lugano-Salone-Internazionale-Svizzero-delle-Vacanze-14-400x308.jpg 400w, https:\/\/www.brindisiexperience.com\/wp-content\/uploads\/2023\/11\/Lugano-Salone-Internazionale-Svizzero-delle-Vacanze-14-600x462.jpg 600w, https:\/\/www.brindisiexperience.com\/wp-content\/uploads\/2023\/11\/Lugano-Salone-Internazionale-Svizzero-delle-Vacanze-14-800x615.jpg 800w, https:\/\/www.brindisiexperience.com\/wp-content\/uploads\/2023\/11\/Lugano-Salone-Internazionale-Svizzero-delle-Vacanze-14-1200x923.jpg 1200w, https:\/\/www.brindisiexperience.com\/wp-content\/uploads\/2023\/11\/Lugano-Salone-Internazionale-Svizzero-delle-Vacanze-14.jpg 1300w\" data-sizes=\"auto\" \/><\/a><\/div><\/div><\/div><div class=\"swiper-slide\"><div class=\"fusion-carousel-item-wrapper\"><div class=\"fusion-image-wrapper hover-type-zoomin\"><a data-rel=\"iLightbox[image_carousel_1]\" data-title=\"Lugano, Salone Internazionale Svizzero delle Vacanze (15)\" aria-label=\"Lugano, Salone Internazionale Svizzero delle Vacanze (15)\" href=\"https:\/\/www.brindisiexperience.com\/wp-content\/uploads\/2023\/11\/Lugano-Salone-Internazionale-Svizzero-delle-Vacanze-15.jpg\" target=\"_self\"><img decoding=\"async\" width=\"1300\" height=\"1000\" src=\"https:\/\/www.brindisiexperience.com\/wp-content\/uploads\/2023\/11\/Lugano-Salone-Internazionale-Svizzero-delle-Vacanze-15.jpg\" class=\"attachment-full size-full lazyload\" alt=\"\" srcset=\"data:image\/svg+xml,%3Csvg%20xmlns%3D%27http%3A%2F%2Fwww.w3.org%2F2000%2Fsvg%27%20width%3D%271300%27%20height%3D%271000%27%20viewBox%3D%270%200%201300%201000%27%3E%3Crect%20width%3D%271300%27%20height%3D%271000%27%20fill-opacity%3D%220%22%2F%3E%3C%2Fsvg%3E\" data-orig-src=\"https:\/\/www.brindisiexperience.com\/wp-content\/uploads\/2023\/11\/Lugano-Salone-Internazionale-Svizzero-delle-Vacanze-15.jpg\" data-srcset=\"https:\/\/www.brindisiexperience.com\/wp-content\/uploads\/2023\/11\/Lugano-Salone-Internazionale-Svizzero-delle-Vacanze-15-200x154.jpg 200w, https:\/\/www.brindisiexperience.com\/wp-content\/uploads\/2023\/11\/Lugano-Salone-Internazionale-Svizzero-delle-Vacanze-15-400x308.jpg 400w, https:\/\/www.brindisiexperience.com\/wp-content\/uploads\/2023\/11\/Lugano-Salone-Internazionale-Svizzero-delle-Vacanze-15-600x462.jpg 600w, https:\/\/www.brindisiexperience.com\/wp-content\/uploads\/2023\/11\/Lugano-Salone-Internazionale-Svizzero-delle-Vacanze-15-800x615.jpg 800w, https:\/\/www.brindisiexperience.com\/wp-content\/uploads\/2023\/11\/Lugano-Salone-Internazionale-Svizzero-delle-Vacanze-15-1200x923.jpg 1200w, https:\/\/www.brindisiexperience.com\/wp-content\/uploads\/2023\/11\/Lugano-Salone-Internazionale-Svizzero-delle-Vacanze-15.jpg 1300w\" data-sizes=\"auto\" \/><\/a><\/div><\/div><\/div><div class=\"swiper-slide\"><div class=\"fusion-carousel-item-wrapper\"><div class=\"fusion-image-wrapper hover-type-zoomin\"><a data-rel=\"iLightbox[image_carousel_1]\" data-title=\"Lugano, Salone Internazionale Svizzero delle Vacanze (16)\" aria-label=\"Lugano, Salone Internazionale Svizzero delle Vacanze (16)\" href=\"https:\/\/www.brindisiexperience.com\/wp-content\/uploads\/2023\/11\/Lugano-Salone-Internazionale-Svizzero-delle-Vacanze-16.jpg\" target=\"_self\"><img decoding=\"async\" width=\"1300\" height=\"1000\" src=\"https:\/\/www.brindisiexperience.com\/wp-content\/uploads\/2023\/11\/Lugano-Salone-Internazionale-Svizzero-delle-Vacanze-16.jpg\" class=\"attachment-full size-full lazyload\" alt=\"\" srcset=\"data:image\/svg+xml,%3Csvg%20xmlns%3D%27http%3A%2F%2Fwww.w3.org%2F2000%2Fsvg%27%20width%3D%271300%27%20height%3D%271000%27%20viewBox%3D%270%200%201300%201000%27%3E%3Crect%20width%3D%271300%27%20height%3D%271000%27%20fill-opacity%3D%220%22%2F%3E%3C%2Fsvg%3E\" data-orig-src=\"https:\/\/www.brindisiexperience.com\/wp-content\/uploads\/2023\/11\/Lugano-Salone-Internazionale-Svizzero-delle-Vacanze-16.jpg\" data-srcset=\"https:\/\/www.brindisiexperience.com\/wp-content\/uploads\/2023\/11\/Lugano-Salone-Internazionale-Svizzero-delle-Vacanze-16-200x154.jpg 200w, https:\/\/www.brindisiexperience.com\/wp-content\/uploads\/2023\/11\/Lugano-Salone-Internazionale-Svizzero-delle-Vacanze-16-400x308.jpg 400w, https:\/\/www.brindisiexperience.com\/wp-content\/uploads\/2023\/11\/Lugano-Salone-Internazionale-Svizzero-delle-Vacanze-16-600x462.jpg 600w, https:\/\/www.brindisiexperience.com\/wp-content\/uploads\/2023\/11\/Lugano-Salone-Internazionale-Svizzero-delle-Vacanze-16-800x615.jpg 800w, https:\/\/www.brindisiexperience.com\/wp-content\/uploads\/2023\/11\/Lugano-Salone-Internazionale-Svizzero-delle-Vacanze-16-1200x923.jpg 1200w, https:\/\/www.brindisiexperience.com\/wp-content\/uploads\/2023\/11\/Lugano-Salone-Internazionale-Svizzero-delle-Vacanze-16.jpg 1300w\" data-sizes=\"auto\" \/><\/a><\/div><\/div><\/div><div class=\"swiper-slide\"><div class=\"fusion-carousel-item-wrapper\"><div class=\"fusion-image-wrapper hover-type-zoomin\"><a data-rel=\"iLightbox[image_carousel_1]\" data-title=\"Lugano, Salone Internazionale Svizzero delle Vacanze (19)\" aria-label=\"Lugano, Salone Internazionale Svizzero delle Vacanze (19)\" href=\"https:\/\/www.brindisiexperience.com\/wp-content\/uploads\/2023\/11\/Lugano-Salone-Internazionale-Svizzero-delle-Vacanze-19.jpg\" target=\"_self\"><img decoding=\"async\" width=\"1300\" height=\"1000\" src=\"https:\/\/www.brindisiexperience.com\/wp-content\/uploads\/2023\/11\/Lugano-Salone-Internazionale-Svizzero-delle-Vacanze-19.jpg\" class=\"attachment-full size-full lazyload\" alt=\"\" srcset=\"data:image\/svg+xml,%3Csvg%20xmlns%3D%27http%3A%2F%2Fwww.w3.org%2F2000%2Fsvg%27%20width%3D%271300%27%20height%3D%271000%27%20viewBox%3D%270%200%201300%201000%27%3E%3Crect%20width%3D%271300%27%20height%3D%271000%27%20fill-opacity%3D%220%22%2F%3E%3C%2Fsvg%3E\" data-orig-src=\"https:\/\/www.brindisiexperience.com\/wp-content\/uploads\/2023\/11\/Lugano-Salone-Internazionale-Svizzero-delle-Vacanze-19.jpg\" data-srcset=\"https:\/\/www.brindisiexperience.com\/wp-content\/uploads\/2023\/11\/Lugano-Salone-Internazionale-Svizzero-delle-Vacanze-19-200x154.jpg 200w, https:\/\/www.brindisiexperience.com\/wp-content\/uploads\/2023\/11\/Lugano-Salone-Internazionale-Svizzero-delle-Vacanze-19-400x308.jpg 400w, https:\/\/www.brindisiexperience.com\/wp-content\/uploads\/2023\/11\/Lugano-Salone-Internazionale-Svizzero-delle-Vacanze-19-600x462.jpg 600w, https:\/\/www.brindisiexperience.com\/wp-content\/uploads\/2023\/11\/Lugano-Salone-Internazionale-Svizzero-delle-Vacanze-19-800x615.jpg 800w, https:\/\/www.brindisiexperience.com\/wp-content\/uploads\/2023\/11\/Lugano-Salone-Internazionale-Svizzero-delle-Vacanze-19-1200x923.jpg 1200w, https:\/\/www.brindisiexperience.com\/wp-content\/uploads\/2023\/11\/Lugano-Salone-Internazionale-Svizzero-delle-Vacanze-19.jpg 1300w\" data-sizes=\"auto\" \/><\/a><\/div><\/div><\/div><div class=\"swiper-slide\"><div class=\"fusion-carousel-item-wrapper\"><div class=\"fusion-image-wrapper hover-type-zoomin\"><a data-rel=\"iLightbox[image_carousel_1]\" data-title=\"Lugano, Salone Internazionale Svizzero delle Vacanze (20)\" aria-label=\"Lugano, Salone Internazionale Svizzero delle Vacanze (20)\" href=\"https:\/\/www.brindisiexperience.com\/wp-content\/uploads\/2023\/11\/Lugano-Salone-Internazionale-Svizzero-delle-Vacanze-20.jpg\" target=\"_self\"><img decoding=\"async\" width=\"1300\" height=\"1000\" src=\"https:\/\/www.brindisiexperience.com\/wp-content\/uploads\/2023\/11\/Lugano-Salone-Internazionale-Svizzero-delle-Vacanze-20.jpg\" class=\"attachment-full size-full lazyload\" alt=\"\" srcset=\"data:image\/svg+xml,%3Csvg%20xmlns%3D%27http%3A%2F%2Fwww.w3.org%2F2000%2Fsvg%27%20width%3D%271300%27%20height%3D%271000%27%20viewBox%3D%270%200%201300%201000%27%3E%3Crect%20width%3D%271300%27%20height%3D%271000%27%20fill-opacity%3D%220%22%2F%3E%3C%2Fsvg%3E\" data-orig-src=\"https:\/\/www.brindisiexperience.com\/wp-content\/uploads\/2023\/11\/Lugano-Salone-Internazionale-Svizzero-delle-Vacanze-20.jpg\" data-srcset=\"https:\/\/www.brindisiexperience.com\/wp-content\/uploads\/2023\/11\/Lugano-Salone-Internazionale-Svizzero-delle-Vacanze-20-200x154.jpg 200w, https:\/\/www.brindisiexperience.com\/wp-content\/uploads\/2023\/11\/Lugano-Salone-Internazionale-Svizzero-delle-Vacanze-20-400x308.jpg 400w, https:\/\/www.brindisiexperience.com\/wp-content\/uploads\/2023\/11\/Lugano-Salone-Internazionale-Svizzero-delle-Vacanze-20-600x462.jpg 600w, https:\/\/www.brindisiexperience.com\/wp-content\/uploads\/2023\/11\/Lugano-Salone-Internazionale-Svizzero-delle-Vacanze-20-800x615.jpg 800w, https:\/\/www.brindisiexperience.com\/wp-content\/uploads\/2023\/11\/Lugano-Salone-Internazionale-Svizzero-delle-Vacanze-20-1200x923.jpg 1200w, https:\/\/www.brindisiexperience.com\/wp-content\/uploads\/2023\/11\/Lugano-Salone-Internazionale-Svizzero-delle-Vacanze-20.jpg 1300w\" data-sizes=\"auto\" \/><\/a><\/div><\/div><\/div><div class=\"swiper-slide\"><div class=\"fusion-carousel-item-wrapper\"><div class=\"fusion-image-wrapper hover-type-zoomin\"><a data-rel=\"iLightbox[image_carousel_1]\" data-title=\"Lugano, Salone Internazionale Svizzero delle Vacanze (22)\" aria-label=\"Lugano, Salone Internazionale Svizzero delle Vacanze (22)\" href=\"https:\/\/www.brindisiexperience.com\/wp-content\/uploads\/2023\/11\/Lugano-Salone-Internazionale-Svizzero-delle-Vacanze-22.jpg\" target=\"_self\"><img decoding=\"async\" width=\"1300\" height=\"1000\" src=\"https:\/\/www.brindisiexperience.com\/wp-content\/uploads\/2023\/11\/Lugano-Salone-Internazionale-Svizzero-delle-Vacanze-22.jpg\" class=\"attachment-full size-full lazyload\" alt=\"\" srcset=\"data:image\/svg+xml,%3Csvg%20xmlns%3D%27http%3A%2F%2Fwww.w3.org%2F2000%2Fsvg%27%20width%3D%271300%27%20height%3D%271000%27%20viewBox%3D%270%200%201300%201000%27%3E%3Crect%20width%3D%271300%27%20height%3D%271000%27%20fill-opacity%3D%220%22%2F%3E%3C%2Fsvg%3E\" data-orig-src=\"https:\/\/www.brindisiexperience.com\/wp-content\/uploads\/2023\/11\/Lugano-Salone-Internazionale-Svizzero-delle-Vacanze-22.jpg\" data-srcset=\"https:\/\/www.brindisiexperience.com\/wp-content\/uploads\/2023\/11\/Lugano-Salone-Internazionale-Svizzero-delle-Vacanze-22-200x154.jpg 200w, https:\/\/www.brindisiexperience.com\/wp-content\/uploads\/2023\/11\/Lugano-Salone-Internazionale-Svizzero-delle-Vacanze-22-400x308.jpg 400w, https:\/\/www.brindisiexperience.com\/wp-content\/uploads\/2023\/11\/Lugano-Salone-Internazionale-Svizzero-delle-Vacanze-22-600x462.jpg 600w, https:\/\/www.brindisiexperience.com\/wp-content\/uploads\/2023\/11\/Lugano-Salone-Internazionale-Svizzero-delle-Vacanze-22-800x615.jpg 800w, https:\/\/www.brindisiexperience.com\/wp-content\/uploads\/2023\/11\/Lugano-Salone-Internazionale-Svizzero-delle-Vacanze-22-1200x923.jpg 1200w, https:\/\/www.brindisiexperience.com\/wp-content\/uploads\/2023\/11\/Lugano-Salone-Internazionale-Svizzero-delle-Vacanze-22.jpg 1300w\" data-sizes=\"auto\" \/><\/a><\/div><\/div><\/div><div class=\"swiper-slide\"><div class=\"fusion-carousel-item-wrapper\"><div class=\"fusion-image-wrapper hover-type-zoomin\"><a data-rel=\"iLightbox[image_carousel_1]\" data-title=\"Lugano, Salone Internazionale Svizzero delle Vacanze (25)\" aria-label=\"Lugano, Salone Internazionale Svizzero delle Vacanze (25)\" href=\"https:\/\/www.brindisiexperience.com\/wp-content\/uploads\/2023\/11\/Lugano-Salone-Internazionale-Svizzero-delle-Vacanze-25.jpg\" target=\"_self\"><img decoding=\"async\" width=\"1300\" height=\"1000\" src=\"https:\/\/www.brindisiexperience.com\/wp-content\/uploads\/2023\/11\/Lugano-Salone-Internazionale-Svizzero-delle-Vacanze-25.jpg\" class=\"attachment-full size-full lazyload\" alt=\"\" srcset=\"data:image\/svg+xml,%3Csvg%20xmlns%3D%27http%3A%2F%2Fwww.w3.org%2F2000%2Fsvg%27%20width%3D%271300%27%20height%3D%271000%27%20viewBox%3D%270%200%201300%201000%27%3E%3Crect%20width%3D%271300%27%20height%3D%271000%27%20fill-opacity%3D%220%22%2F%3E%3C%2Fsvg%3E\" data-orig-src=\"https:\/\/www.brindisiexperience.com\/wp-content\/uploads\/2023\/11\/Lugano-Salone-Internazionale-Svizzero-delle-Vacanze-25.jpg\" data-srcset=\"https:\/\/www.brindisiexperience.com\/wp-content\/uploads\/2023\/11\/Lugano-Salone-Internazionale-Svizzero-delle-Vacanze-25-200x154.jpg 200w, https:\/\/www.brindisiexperience.com\/wp-content\/uploads\/2023\/11\/Lugano-Salone-Internazionale-Svizzero-delle-Vacanze-25-400x308.jpg 400w, https:\/\/www.brindisiexperience.com\/wp-content\/uploads\/2023\/11\/Lugano-Salone-Internazionale-Svizzero-delle-Vacanze-25-600x462.jpg 600w, https:\/\/www.brindisiexperience.com\/wp-content\/uploads\/2023\/11\/Lugano-Salone-Internazionale-Svizzero-delle-Vacanze-25-800x615.jpg 800w, https:\/\/www.brindisiexperience.com\/wp-content\/uploads\/2023\/11\/Lugano-Salone-Internazionale-Svizzero-delle-Vacanze-25-1200x923.jpg 1200w, https:\/\/www.brindisiexperience.com\/wp-content\/uploads\/2023\/11\/Lugano-Salone-Internazionale-Svizzero-delle-Vacanze-25.jpg 1300w\" data-sizes=\"auto\" \/><\/a><\/div><\/div><\/div><div class=\"swiper-slide\"><div class=\"fusion-carousel-item-wrapper\"><div class=\"fusion-image-wrapper hover-type-zoomin\"><a data-rel=\"iLightbox[image_carousel_1]\" data-title=\"Lugano, Salone Internazionale Svizzero delle Vacanze (26)\" aria-label=\"Lugano, Salone Internazionale Svizzero delle Vacanze (26)\" href=\"https:\/\/www.brindisiexperience.com\/wp-content\/uploads\/2023\/11\/Lugano-Salone-Internazionale-Svizzero-delle-Vacanze-26.jpg\" target=\"_self\"><img decoding=\"async\" width=\"1300\" height=\"1000\" src=\"https:\/\/www.brindisiexperience.com\/wp-content\/uploads\/2023\/11\/Lugano-Salone-Internazionale-Svizzero-delle-Vacanze-26.jpg\" class=\"attachment-full size-full lazyload\" alt=\"\" srcset=\"data:image\/svg+xml,%3Csvg%20xmlns%3D%27http%3A%2F%2Fwww.w3.org%2F2000%2Fsvg%27%20width%3D%271300%27%20height%3D%271000%27%20viewBox%3D%270%200%201300%201000%27%3E%3Crect%20width%3D%271300%27%20height%3D%271000%27%20fill-opacity%3D%220%22%2F%3E%3C%2Fsvg%3E\" data-orig-src=\"https:\/\/www.brindisiexperience.com\/wp-content\/uploads\/2023\/11\/Lugano-Salone-Internazionale-Svizzero-delle-Vacanze-26.jpg\" data-srcset=\"https:\/\/www.brindisiexperience.com\/wp-content\/uploads\/2023\/11\/Lugano-Salone-Internazionale-Svizzero-delle-Vacanze-26-200x154.jpg 200w, https:\/\/www.brindisiexperience.com\/wp-content\/uploads\/2023\/11\/Lugano-Salone-Internazionale-Svizzero-delle-Vacanze-26-400x308.jpg 400w, https:\/\/www.brindisiexperience.com\/wp-content\/uploads\/2023\/11\/Lugano-Salone-Internazionale-Svizzero-delle-Vacanze-26-600x462.jpg 600w, https:\/\/www.brindisiexperience.com\/wp-content\/uploads\/2023\/11\/Lugano-Salone-Internazionale-Svizzero-delle-Vacanze-26-800x615.jpg 800w, https:\/\/www.brindisiexperience.com\/wp-content\/uploads\/2023\/11\/Lugano-Salone-Internazionale-Svizzero-delle-Vacanze-26-1200x923.jpg 1200w, https:\/\/www.brindisiexperience.com\/wp-content\/uploads\/2023\/11\/Lugano-Salone-Internazionale-Svizzero-delle-Vacanze-26.jpg 1300w\" data-sizes=\"auto\" \/><\/a><\/div><\/div><\/div><div class=\"swiper-slide\"><div class=\"fusion-carousel-item-wrapper\"><div class=\"fusion-image-wrapper hover-type-zoomin\"><a data-rel=\"iLightbox[image_carousel_1]\" data-title=\"Lugano, Salone Internazionale Svizzero delle Vacanze (27)\" aria-label=\"Lugano, Salone Internazionale Svizzero delle Vacanze (27)\" href=\"https:\/\/www.brindisiexperience.com\/wp-content\/uploads\/2023\/11\/Lugano-Salone-Internazionale-Svizzero-delle-Vacanze-27.jpg\" target=\"_self\"><img decoding=\"async\" width=\"1300\" height=\"1000\" src=\"https:\/\/www.brindisiexperience.com\/wp-content\/uploads\/2023\/11\/Lugano-Salone-Internazionale-Svizzero-delle-Vacanze-27.jpg\" class=\"attachment-full size-full lazyload\" alt=\"\" srcset=\"data:image\/svg+xml,%3Csvg%20xmlns%3D%27http%3A%2F%2Fwww.w3.org%2F2000%2Fsvg%27%20width%3D%271300%27%20height%3D%271000%27%20viewBox%3D%270%200%201300%201000%27%3E%3Crect%20width%3D%271300%27%20height%3D%271000%27%20fill-opacity%3D%220%22%2F%3E%3C%2Fsvg%3E\" data-orig-src=\"https:\/\/www.brindisiexperience.com\/wp-content\/uploads\/2023\/11\/Lugano-Salone-Internazionale-Svizzero-delle-Vacanze-27.jpg\" data-srcset=\"https:\/\/www.brindisiexperience.com\/wp-content\/uploads\/2023\/11\/Lugano-Salone-Internazionale-Svizzero-delle-Vacanze-27-200x154.jpg 200w, https:\/\/www.brindisiexperience.com\/wp-content\/uploads\/2023\/11\/Lugano-Salone-Internazionale-Svizzero-delle-Vacanze-27-400x308.jpg 400w, https:\/\/www.brindisiexperience.com\/wp-content\/uploads\/2023\/11\/Lugano-Salone-Internazionale-Svizzero-delle-Vacanze-27-600x462.jpg 600w, https:\/\/www.brindisiexperience.com\/wp-content\/uploads\/2023\/11\/Lugano-Salone-Internazionale-Svizzero-delle-Vacanze-27-800x615.jpg 800w, https:\/\/www.brindisiexperience.com\/wp-content\/uploads\/2023\/11\/Lugano-Salone-Internazionale-Svizzero-delle-Vacanze-27-1200x923.jpg 1200w, https:\/\/www.brindisiexperience.com\/wp-content\/uploads\/2023\/11\/Lugano-Salone-Internazionale-Svizzero-delle-Vacanze-27.jpg 1300w\" data-sizes=\"auto\" \/><\/a><\/div><\/div><\/div><div class=\"swiper-slide\"><div class=\"fusion-carousel-item-wrapper\"><div class=\"fusion-image-wrapper hover-type-zoomin\"><a data-rel=\"iLightbox[image_carousel_1]\" data-title=\"Lugano, Salone Internazionale Svizzero delle Vacanze (28)\" aria-label=\"Lugano, Salone Internazionale Svizzero delle Vacanze (28)\" href=\"https:\/\/www.brindisiexperience.com\/wp-content\/uploads\/2023\/11\/Lugano-Salone-Internazionale-Svizzero-delle-Vacanze-28.jpg\" target=\"_self\"><img decoding=\"async\" width=\"1300\" height=\"1000\" src=\"https:\/\/www.brindisiexperience.com\/wp-content\/uploads\/2023\/11\/Lugano-Salone-Internazionale-Svizzero-delle-Vacanze-28.jpg\" class=\"attachment-full size-full lazyload\" alt=\"\" srcset=\"data:image\/svg+xml,%3Csvg%20xmlns%3D%27http%3A%2F%2Fwww.w3.org%2F2000%2Fsvg%27%20width%3D%271300%27%20height%3D%271000%27%20viewBox%3D%270%200%201300%201000%27%3E%3Crect%20width%3D%271300%27%20height%3D%271000%27%20fill-opacity%3D%220%22%2F%3E%3C%2Fsvg%3E\" data-orig-src=\"https:\/\/www.brindisiexperience.com\/wp-content\/uploads\/2023\/11\/Lugano-Salone-Internazionale-Svizzero-delle-Vacanze-28.jpg\" data-srcset=\"https:\/\/www.brindisiexperience.com\/wp-content\/uploads\/2023\/11\/Lugano-Salone-Internazionale-Svizzero-delle-Vacanze-28-200x154.jpg 200w, https:\/\/www.brindisiexperience.com\/wp-content\/uploads\/2023\/11\/Lugano-Salone-Internazionale-Svizzero-delle-Vacanze-28-400x308.jpg 400w, https:\/\/www.brindisiexperience.com\/wp-content\/uploads\/2023\/11\/Lugano-Salone-Internazionale-Svizzero-delle-Vacanze-28-600x462.jpg 600w, https:\/\/www.brindisiexperience.com\/wp-content\/uploads\/2023\/11\/Lugano-Salone-Internazionale-Svizzero-delle-Vacanze-28-800x615.jpg 800w, https:\/\/www.brindisiexperience.com\/wp-content\/uploads\/2023\/11\/Lugano-Salone-Internazionale-Svizzero-delle-Vacanze-28-1200x923.jpg 1200w, https:\/\/www.brindisiexperience.com\/wp-content\/uploads\/2023\/11\/Lugano-Salone-Internazionale-Svizzero-delle-Vacanze-28.jpg 1300w\" data-sizes=\"auto\" \/><\/a><\/div><\/div><\/div><div class=\"swiper-slide\"><div class=\"fusion-carousel-item-wrapper\"><div class=\"fusion-image-wrapper hover-type-zoomin\"><a data-rel=\"iLightbox[image_carousel_1]\" data-title=\"Lugano, Salone Internazionale Svizzero delle Vacanze (29)\" aria-label=\"Lugano, Salone Internazionale Svizzero delle Vacanze (29)\" href=\"https:\/\/www.brindisiexperience.com\/wp-content\/uploads\/2023\/11\/Lugano-Salone-Internazionale-Svizzero-delle-Vacanze-29.jpg\" target=\"_self\"><img decoding=\"async\" width=\"1300\" height=\"1000\" src=\"https:\/\/www.brindisiexperience.com\/wp-content\/uploads\/2023\/11\/Lugano-Salone-Internazionale-Svizzero-delle-Vacanze-29.jpg\" class=\"attachment-full size-full lazyload\" alt=\"\" srcset=\"data:image\/svg+xml,%3Csvg%20xmlns%3D%27http%3A%2F%2Fwww.w3.org%2F2000%2Fsvg%27%20width%3D%271300%27%20height%3D%271000%27%20viewBox%3D%270%200%201300%201000%27%3E%3Crect%20width%3D%271300%27%20height%3D%271000%27%20fill-opacity%3D%220%22%2F%3E%3C%2Fsvg%3E\" data-orig-src=\"https:\/\/www.brindisiexperience.com\/wp-content\/uploads\/2023\/11\/Lugano-Salone-Internazionale-Svizzero-delle-Vacanze-29.jpg\" data-srcset=\"https:\/\/www.brindisiexperience.com\/wp-content\/uploads\/2023\/11\/Lugano-Salone-Internazionale-Svizzero-delle-Vacanze-29-200x154.jpg 200w, https:\/\/www.brindisiexperience.com\/wp-content\/uploads\/2023\/11\/Lugano-Salone-Internazionale-Svizzero-delle-Vacanze-29-400x308.jpg 400w, https:\/\/www.brindisiexperience.com\/wp-content\/uploads\/2023\/11\/Lugano-Salone-Internazionale-Svizzero-delle-Vacanze-29-600x462.jpg 600w, https:\/\/www.brindisiexperience.com\/wp-content\/uploads\/2023\/11\/Lugano-Salone-Internazionale-Svizzero-delle-Vacanze-29-800x615.jpg 800w, https:\/\/www.brindisiexperience.com\/wp-content\/uploads\/2023\/11\/Lugano-Salone-Internazionale-Svizzero-delle-Vacanze-29-1200x923.jpg 1200w, https:\/\/www.brindisiexperience.com\/wp-content\/uploads\/2023\/11\/Lugano-Salone-Internazionale-Svizzero-delle-Vacanze-29.jpg 1300w\" data-sizes=\"auto\" \/><\/a><\/div><\/div><\/div><div class=\"swiper-slide\"><div class=\"fusion-carousel-item-wrapper\"><div class=\"fusion-image-wrapper hover-type-zoomin\"><a data-rel=\"iLightbox[image_carousel_1]\" data-title=\"Lugano, Salone Internazionale Svizzero delle Vacanze (34)\" aria-label=\"Lugano, Salone Internazionale Svizzero delle Vacanze (34)\" href=\"https:\/\/www.brindisiexperience.com\/wp-content\/uploads\/2023\/11\/Lugano-Salone-Internazionale-Svizzero-delle-Vacanze-34.jpg\" target=\"_self\"><img decoding=\"async\" width=\"1300\" height=\"1000\" src=\"https:\/\/www.brindisiexperience.com\/wp-content\/uploads\/2023\/11\/Lugano-Salone-Internazionale-Svizzero-delle-Vacanze-34.jpg\" class=\"attachment-full size-full lazyload\" alt=\"\" srcset=\"data:image\/svg+xml,%3Csvg%20xmlns%3D%27http%3A%2F%2Fwww.w3.org%2F2000%2Fsvg%27%20width%3D%271300%27%20height%3D%271000%27%20viewBox%3D%270%200%201300%201000%27%3E%3Crect%20width%3D%271300%27%20height%3D%271000%27%20fill-opacity%3D%220%22%2F%3E%3C%2Fsvg%3E\" data-orig-src=\"https:\/\/www.brindisiexperience.com\/wp-content\/uploads\/2023\/11\/Lugano-Salone-Internazionale-Svizzero-delle-Vacanze-34.jpg\" data-srcset=\"https:\/\/www.brindisiexperience.com\/wp-content\/uploads\/2023\/11\/Lugano-Salone-Internazionale-Svizzero-delle-Vacanze-34-200x154.jpg 200w, https:\/\/www.brindisiexperience.com\/wp-content\/uploads\/2023\/11\/Lugano-Salone-Internazionale-Svizzero-delle-Vacanze-34-400x308.jpg 400w, https:\/\/www.brindisiexperience.com\/wp-content\/uploads\/2023\/11\/Lugano-Salone-Internazionale-Svizzero-delle-Vacanze-34-600x462.jpg 600w, https:\/\/www.brindisiexperience.com\/wp-content\/uploads\/2023\/11\/Lugano-Salone-Internazionale-Svizzero-delle-Vacanze-34-800x615.jpg 800w, https:\/\/www.brindisiexperience.com\/wp-content\/uploads\/2023\/11\/Lugano-Salone-Internazionale-Svizzero-delle-Vacanze-34-1200x923.jpg 1200w, https:\/\/www.brindisiexperience.com\/wp-content\/uploads\/2023\/11\/Lugano-Salone-Internazionale-Svizzero-delle-Vacanze-34.jpg 1300w\" data-sizes=\"auto\" \/><\/a><\/div><\/div><\/div><\/div><div class=\"awb-swiper-button awb-swiper-button-prev\"><i class=\"awb-icon-angle-left\" aria-hidden=\"true\"><\/i><\/div><div class=\"awb-swiper-button awb-swiper-button-next\"><i class=\"awb-icon-angle-right\" aria-hidden=\"true\"><\/i><\/div><\/div><\/div><\/div><\/div><\/div><\/div><div class=\"fusion-fullwidth fullwidth-box fusion-builder-row-3 fusion-flex-container has-pattern-background has-mask-background nonhundred-percent-fullwidth non-hundred-percent-height-scrolling\" style=\"--awb-border-radius-top-left:0px;--awb-border-radius-top-right:0px;--awb-border-radius-bottom-right:0px;--awb-border-radius-bottom-left:0px;--awb-padding-top:0px;--awb-padding-bottom:57px;--awb-background-color:#ff7b00;--awb-flex-wrap:wrap;\" ><div class=\"fusion-builder-row fusion-row fusion-flex-align-items-flex-start fusion-flex-content-wrap\" style=\"max-width:1216.8px;margin-left: calc(-4% \/ 2 );margin-right: calc(-4% \/ 2 );\"><div class=\"fusion-layout-column fusion_builder_column fusion-builder-column-4 fusion_builder_column_1_1 1_1 fusion-flex-column\" style=\"--awb-bg-size:cover;--awb-width-large:100%;--awb-margin-top-large:20px;--awb-spacing-right-large:1.92%;--awb-margin-bottom-large:20px;--awb-spacing-left-large:1.92%;--awb-width-medium:100%;--awb-order-medium:0;--awb-spacing-right-medium:1.92%;--awb-spacing-left-medium:1.92%;--awb-width-small:100%;--awb-order-small:0;--awb-spacing-right-small:1.92%;--awb-spacing-left-small:1.92%;\" data-scroll-devices=\"small-visibility,medium-visibility,large-visibility\"><div class=\"fusion-column-wrapper fusion-column-has-shadow fusion-flex-justify-content-flex-start fusion-content-layout-column\"><div class=\"fusion-title title fusion-title-4 fusion-title-text fusion-title-size-three\" style=\"--awb-text-color:#ffffff;\"><div class=\"title-sep-container title-sep-container-left fusion-no-large-visibility fusion-no-medium-visibility fusion-no-small-visibility\"><div class=\"title-sep sep- sep-solid\" style=\"border-color:#e2e2e2;\"><\/div><\/div><span class=\"awb-title-spacer fusion-no-large-visibility fusion-no-medium-visibility fusion-no-small-visibility\"><\/span><h3 class=\"fusion-title-heading title-heading-left fusion-responsive-typography-calculated\" style=\"margin:0;--fontSize:28;line-height:1.6;\">Borsa Internazionale del Turismo &#8211; Fiera BIT Milano Edizione 2024<\/h3><span class=\"awb-title-spacer\"><\/span><div class=\"title-sep-container title-sep-container-right\"><div class=\"title-sep sep- sep-solid\" style=\"border-color:#e2e2e2;\"><\/div><\/div><\/div><div class=\"fusion-text fusion-text-4\" style=\"--awb-text-color:#ffffff;\"><p>Manifestazione internazionale promossa da Fieramilano dal 1980 tesa a radunare operatori turistici, agenti di viaggio, aziende e ditte di promozione turistica o comunque legate all&#8217;indotto di settore, al fine di lanciare ad un osservatorio qualificato l&#8217;offerta turistica di singole realt\u00e0 di tutto il mondo. Essa si tiene a Milano, e ha risonanza mondiale.<\/p>\n<\/div><\/div><\/div><div class=\"fusion-layout-column fusion_builder_column fusion-builder-column-5 fusion_builder_column_1_1 1_1 fusion-flex-column\" style=\"--awb-bg-size:cover;--awb-width-large:100%;--awb-margin-top-large:0px;--awb-spacing-right-large:1.92%;--awb-margin-bottom-large:20px;--awb-spacing-left-large:1.92%;--awb-width-medium:100%;--awb-order-medium:0;--awb-spacing-right-medium:1.92%;--awb-spacing-left-medium:1.92%;--awb-width-small:100%;--awb-order-small:0;--awb-spacing-right-small:1.92%;--awb-spacing-left-small:1.92%;\"><div class=\"fusion-column-wrapper fusion-column-has-shadow fusion-flex-justify-content-flex-start fusion-content-layout-column\"><div class=\"fusion-image-carousel fusion-image-carousel-auto fusion-image-carousel-2 lightbox-enabled fusion-carousel-border\"><div class=\"awb-carousel awb-swiper awb-swiper-carousel awb-carousel--carousel awb-swiper-dots-position-bottom\" data-layout=\"carousel\" data-autoplay=\"yes\" data-autoplayspeed=\"2500\" data-autoplaypause=\"no\" data-columns=\"3\" data-columnsmedium=\"1\" data-columnssmall=\"1\" data-itemmargin=\"13\" data-itemwidth=\"180\" data-touchscroll=\"no\" data-freemode=\"no\" data-imagesize=\"auto\" data-scrollitems=\"0\" data-centeredslides=\"no\" data-rotationangle=\"50\" data-depth=\"100\" data-speed=\"500\" data-shadow=\"no\" data-pagination=\"bullets\" style=\"--awb-columns:3;--awb-border-width:1px;--awb-border-color:#e9eaee;\"><div class=\"swiper-wrapper awb-image-carousel-wrapper fusion-flex-align-items-center\"><div class=\"swiper-slide\"><div class=\"fusion-carousel-item-wrapper\"><div class=\"fusion-image-wrapper hover-type-zoomin\"><a data-rel=\"iLightbox[image_carousel_2]\" data-title=\"20240205_171853\" aria-label=\"20240205_171853\" href=\"https:\/\/www.brindisiexperience.com\/wp-content\/uploads\/2024\/02\/20240205_171853.jpg\" target=\"_self\"><img decoding=\"async\" width=\"1300\" height=\"1000\" src=\"https:\/\/www.brindisiexperience.com\/wp-content\/uploads\/2024\/02\/20240205_171853.jpg\" class=\"attachment-full size-full lazyload\" alt=\"\" srcset=\"data:image\/svg+xml,%3Csvg%20xmlns%3D%27http%3A%2F%2Fwww.w3.org%2F2000%2Fsvg%27%20width%3D%271300%27%20height%3D%271000%27%20viewBox%3D%270%200%201300%201000%27%3E%3Crect%20width%3D%271300%27%20height%3D%271000%27%20fill-opacity%3D%220%22%2F%3E%3C%2Fsvg%3E\" data-orig-src=\"https:\/\/www.brindisiexperience.com\/wp-content\/uploads\/2024\/02\/20240205_171853.jpg\" data-srcset=\"https:\/\/www.brindisiexperience.com\/wp-content\/uploads\/2024\/02\/20240205_171853-200x154.jpg 200w, https:\/\/www.brindisiexperience.com\/wp-content\/uploads\/2024\/02\/20240205_171853-400x308.jpg 400w, https:\/\/www.brindisiexperience.com\/wp-content\/uploads\/2024\/02\/20240205_171853-600x462.jpg 600w, https:\/\/www.brindisiexperience.com\/wp-content\/uploads\/2024\/02\/20240205_171853-800x615.jpg 800w, https:\/\/www.brindisiexperience.com\/wp-content\/uploads\/2024\/02\/20240205_171853-1200x923.jpg 1200w, https:\/\/www.brindisiexperience.com\/wp-content\/uploads\/2024\/02\/20240205_171853.jpg 1300w\" data-sizes=\"auto\" \/><\/a><\/div><\/div><\/div><div class=\"swiper-slide\"><div class=\"fusion-carousel-item-wrapper\"><div class=\"fusion-image-wrapper hover-type-zoomin\"><a data-rel=\"iLightbox[image_carousel_2]\" data-title=\"20240205_171901\" aria-label=\"20240205_171901\" href=\"https:\/\/www.brindisiexperience.com\/wp-content\/uploads\/2024\/02\/20240205_171901.jpg\" target=\"_self\"><img decoding=\"async\" width=\"1300\" height=\"1000\" src=\"https:\/\/www.brindisiexperience.com\/wp-content\/uploads\/2024\/02\/20240205_171901.jpg\" class=\"attachment-full size-full lazyload\" alt=\"\" srcset=\"data:image\/svg+xml,%3Csvg%20xmlns%3D%27http%3A%2F%2Fwww.w3.org%2F2000%2Fsvg%27%20width%3D%271300%27%20height%3D%271000%27%20viewBox%3D%270%200%201300%201000%27%3E%3Crect%20width%3D%271300%27%20height%3D%271000%27%20fill-opacity%3D%220%22%2F%3E%3C%2Fsvg%3E\" data-orig-src=\"https:\/\/www.brindisiexperience.com\/wp-content\/uploads\/2024\/02\/20240205_171901.jpg\" data-srcset=\"https:\/\/www.brindisiexperience.com\/wp-content\/uploads\/2024\/02\/20240205_171901-200x154.jpg 200w, https:\/\/www.brindisiexperience.com\/wp-content\/uploads\/2024\/02\/20240205_171901-400x308.jpg 400w, https:\/\/www.brindisiexperience.com\/wp-content\/uploads\/2024\/02\/20240205_171901-600x462.jpg 600w, https:\/\/www.brindisiexperience.com\/wp-content\/uploads\/2024\/02\/20240205_171901-800x615.jpg 800w, https:\/\/www.brindisiexperience.com\/wp-content\/uploads\/2024\/02\/20240205_171901-1200x923.jpg 1200w, https:\/\/www.brindisiexperience.com\/wp-content\/uploads\/2024\/02\/20240205_171901.jpg 1300w\" data-sizes=\"auto\" \/><\/a><\/div><\/div><\/div><div class=\"swiper-slide\"><div class=\"fusion-carousel-item-wrapper\"><div class=\"fusion-image-wrapper hover-type-zoomin\"><a data-rel=\"iLightbox[image_carousel_2]\" data-title=\"20240205_111709\" aria-label=\"20240205_111709\" href=\"https:\/\/www.brindisiexperience.com\/wp-content\/uploads\/2024\/02\/20240205_111709.jpg\" target=\"_self\"><img decoding=\"async\" width=\"1300\" height=\"1000\" src=\"https:\/\/www.brindisiexperience.com\/wp-content\/uploads\/2024\/02\/20240205_111709.jpg\" class=\"attachment-full size-full lazyload\" alt=\"\" srcset=\"data:image\/svg+xml,%3Csvg%20xmlns%3D%27http%3A%2F%2Fwww.w3.org%2F2000%2Fsvg%27%20width%3D%271300%27%20height%3D%271000%27%20viewBox%3D%270%200%201300%201000%27%3E%3Crect%20width%3D%271300%27%20height%3D%271000%27%20fill-opacity%3D%220%22%2F%3E%3C%2Fsvg%3E\" data-orig-src=\"https:\/\/www.brindisiexperience.com\/wp-content\/uploads\/2024\/02\/20240205_111709.jpg\" data-srcset=\"https:\/\/www.brindisiexperience.com\/wp-content\/uploads\/2024\/02\/20240205_111709-200x154.jpg 200w, https:\/\/www.brindisiexperience.com\/wp-content\/uploads\/2024\/02\/20240205_111709-400x308.jpg 400w, https:\/\/www.brindisiexperience.com\/wp-content\/uploads\/2024\/02\/20240205_111709-600x462.jpg 600w, https:\/\/www.brindisiexperience.com\/wp-content\/uploads\/2024\/02\/20240205_111709-800x615.jpg 800w, https:\/\/www.brindisiexperience.com\/wp-content\/uploads\/2024\/02\/20240205_111709-1200x923.jpg 1200w, https:\/\/www.brindisiexperience.com\/wp-content\/uploads\/2024\/02\/20240205_111709.jpg 1300w\" data-sizes=\"auto\" \/><\/a><\/div><\/div><\/div><div class=\"swiper-slide\"><div class=\"fusion-carousel-item-wrapper\"><div class=\"fusion-image-wrapper hover-type-zoomin\"><a data-rel=\"iLightbox[image_carousel_2]\" data-title=\"20240204_123829\" aria-label=\"20240204_123829\" href=\"https:\/\/www.brindisiexperience.com\/wp-content\/uploads\/2024\/02\/20240204_123829.jpg\" target=\"_self\"><img decoding=\"async\" width=\"1300\" height=\"1000\" src=\"https:\/\/www.brindisiexperience.com\/wp-content\/uploads\/2024\/02\/20240204_123829.jpg\" class=\"attachment-full size-full lazyload\" alt=\"\" srcset=\"data:image\/svg+xml,%3Csvg%20xmlns%3D%27http%3A%2F%2Fwww.w3.org%2F2000%2Fsvg%27%20width%3D%271300%27%20height%3D%271000%27%20viewBox%3D%270%200%201300%201000%27%3E%3Crect%20width%3D%271300%27%20height%3D%271000%27%20fill-opacity%3D%220%22%2F%3E%3C%2Fsvg%3E\" data-orig-src=\"https:\/\/www.brindisiexperience.com\/wp-content\/uploads\/2024\/02\/20240204_123829.jpg\" data-srcset=\"https:\/\/www.brindisiexperience.com\/wp-content\/uploads\/2024\/02\/20240204_123829-200x154.jpg 200w, https:\/\/www.brindisiexperience.com\/wp-content\/uploads\/2024\/02\/20240204_123829-400x308.jpg 400w, https:\/\/www.brindisiexperience.com\/wp-content\/uploads\/2024\/02\/20240204_123829-600x462.jpg 600w, https:\/\/www.brindisiexperience.com\/wp-content\/uploads\/2024\/02\/20240204_123829-800x615.jpg 800w, https:\/\/www.brindisiexperience.com\/wp-content\/uploads\/2024\/02\/20240204_123829-1200x923.jpg 1200w, https:\/\/www.brindisiexperience.com\/wp-content\/uploads\/2024\/02\/20240204_123829.jpg 1300w\" data-sizes=\"auto\" \/><\/a><\/div><\/div><\/div><div class=\"swiper-slide\"><div class=\"fusion-carousel-item-wrapper\"><div class=\"fusion-image-wrapper hover-type-zoomin\"><a data-rel=\"iLightbox[image_carousel_2]\" data-title=\"20240204_145516\" aria-label=\"20240204_145516\" href=\"https:\/\/www.brindisiexperience.com\/wp-content\/uploads\/2024\/02\/20240204_145516.jpg\" target=\"_self\"><img decoding=\"async\" width=\"1300\" height=\"1000\" src=\"https:\/\/www.brindisiexperience.com\/wp-content\/uploads\/2024\/02\/20240204_145516.jpg\" class=\"attachment-full size-full lazyload\" alt=\"\" srcset=\"data:image\/svg+xml,%3Csvg%20xmlns%3D%27http%3A%2F%2Fwww.w3.org%2F2000%2Fsvg%27%20width%3D%271300%27%20height%3D%271000%27%20viewBox%3D%270%200%201300%201000%27%3E%3Crect%20width%3D%271300%27%20height%3D%271000%27%20fill-opacity%3D%220%22%2F%3E%3C%2Fsvg%3E\" data-orig-src=\"https:\/\/www.brindisiexperience.com\/wp-content\/uploads\/2024\/02\/20240204_145516.jpg\" data-srcset=\"https:\/\/www.brindisiexperience.com\/wp-content\/uploads\/2024\/02\/20240204_145516-200x154.jpg 200w, https:\/\/www.brindisiexperience.com\/wp-content\/uploads\/2024\/02\/20240204_145516-400x308.jpg 400w, https:\/\/www.brindisiexperience.com\/wp-content\/uploads\/2024\/02\/20240204_145516-600x462.jpg 600w, https:\/\/www.brindisiexperience.com\/wp-content\/uploads\/2024\/02\/20240204_145516-800x615.jpg 800w, https:\/\/www.brindisiexperience.com\/wp-content\/uploads\/2024\/02\/20240204_145516-1200x923.jpg 1200w, https:\/\/www.brindisiexperience.com\/wp-content\/uploads\/2024\/02\/20240204_145516.jpg 1300w\" data-sizes=\"auto\" \/><\/a><\/div><\/div><\/div><\/div><div class=\"awb-swiper-button awb-swiper-button-prev\"><i class=\"awb-icon-angle-left\" aria-hidden=\"true\"><\/i><\/div><div class=\"awb-swiper-button awb-swiper-button-next\"><i class=\"awb-icon-angle-right\" aria-hidden=\"true\"><\/i><\/div><\/div><\/div><\/div><\/div><\/div><\/div><div class=\"fusion-fullwidth fullwidth-box fusion-builder-row-4 fusion-flex-container nonhundred-percent-fullwidth non-hundred-percent-height-scrolling\" style=\"--awb-background-position:left top;--awb-border-sizes-top:0px;--awb-border-sizes-bottom:0px;--awb-border-sizes-left:0px;--awb-border-sizes-right:0px;--awb-border-radius-top-left:0px;--awb-border-radius-top-right:0px;--awb-border-radius-bottom-right:0px;--awb-border-radius-bottom-left:0px;--awb-padding-top:100px;--awb-padding-bottom:60px;--awb-flex-wrap:wrap;\" ><div class=\"fusion-builder-row fusion-row fusion-flex-align-items-flex-start fusion-flex-content-wrap\" style=\"max-width:calc( 1170px + 0px );margin-left: calc(-0px \/ 2 );margin-right: calc(-0px \/ 2 );\"><div class=\"fusion-layout-column fusion_builder_column fusion-builder-column-6 fusion_builder_column_1_1 1_1 fusion-flex-column fusion-flex-align-self-flex-start fusion-column-no-min-height\" style=\"--awb-bg-size:cover;--awb-width-large:100%;--awb-margin-top-large:0px;--awb-spacing-right-large:0px;--awb-margin-bottom-large:0px;--awb-spacing-left-large:0px;--awb-width-medium:100%;--awb-spacing-right-medium:0px;--awb-spacing-left-medium:0px;--awb-width-small:100%;--awb-spacing-right-small:0px;--awb-spacing-left-small:0px;\"><div class=\"fusion-column-wrapper fusion-flex-justify-content-flex-start fusion-content-layout-column\"><div class=\"fusion-title title fusion-title-5 fusion-title-center fusion-title-text fusion-title-size-two\"><div class=\"title-sep-container title-sep-container-left\"><div class=\"title-sep sep- sep-solid\" style=\"border-color:#e2e2e2;\"><\/div><\/div><span class=\"awb-title-spacer\"><\/span><h2 class=\"fusion-title-heading title-heading-center fusion-responsive-typography-calculated\" style=\"margin:0;--fontSize:35;line-height:1.2;\">Von kulturellen Aktivit\u00e4ten bis hin zu den extravagantesten und exklusivsten!<\/h2><span class=\"awb-title-spacer\"><\/span><div class=\"title-sep-container title-sep-container-right\"><div class=\"title-sep sep- sep-solid\" style=\"border-color:#e2e2e2;\"><\/div><\/div><\/div><div class=\"fusion-text fusion-text-5\" style=\"--awb-text-transform:none;\"><p>Unser Ziel ist es, all das anzubieten und bekannt zu machen, was man in unserem Land, Apulien, tun kann, umgeben von einem der sch\u00f6nsten Meere Italiens, von den ges\u00fcndesten und begehrtesten kulinarischen Gewohnheiten mit seiner im ganzen sch\u00f6nen Land bekannten Gastronomie, von den herrlichen kulturellen Ausfl\u00fcgen, um die Geschichte sowie die verborgene und gut erhaltene Kunst der herrlichen Kirchen und Museen der Region zu entdecken.<\/p>\n<\/div><div class=\"fusion-separator fusion-full-width-sep\" style=\"align-self: center;margin-left: auto;margin-right: auto;margin-top:50px;width:100%;\"><\/div><\/div><\/div><\/div><\/div><div class=\"fusion-bg-parallax\" data-bg-align=\"center top\" data-direction=\"up\" data-mute=\"false\" data-opacity=\"100\" data-velocity=\"-0.5\" data-mobile-enabled=\"false\" data-break_parents=\"0\" data-bg-image=\"https:\/\/www.brindisiexperience.com\/wp-content\/uploads\/2022\/02\/mare-puglia.jpg\" data-bg-repeat=\"false\" data-bg-color=\"#1a1a1a\" ><\/div><div class=\"fusion-fullwidth fullwidth-box fusion-builder-row-5 fusion-flex-container fusion-parallax-up nonhundred-percent-fullwidth non-hundred-percent-height-scrolling lazyload\" style=\"--awb-background-position:center top;--awb-border-sizes-top:0px;--awb-border-sizes-bottom:0px;--awb-border-sizes-left:0px;--awb-border-sizes-right:0px;--awb-border-radius-top-left:0px;--awb-border-radius-top-right:0px;--awb-border-radius-bottom-right:0px;--awb-border-radius-bottom-left:0px;--awb-padding-top:100px;--awb-padding-bottom:90px;--awb-margin-bottom:50px;--awb-background-color:#1a1a1a;--awb-background-size:cover;--awb-flex-wrap:wrap;\" data-bg=\"https:\/\/www.brindisiexperience.com\/wp-content\/uploads\/2022\/02\/mare-puglia.jpg\" ><div class=\"fusion-builder-row fusion-row fusion-flex-align-items-flex-start fusion-flex-content-wrap\" style=\"max-width:calc( 1170px + 0px );margin-left: calc(-0px \/ 2 );margin-right: calc(-0px \/ 2 );\"><div class=\"fusion-layout-column fusion_builder_column fusion-builder-column-7 fusion_builder_column_1_1 1_1 fusion-flex-column fusion-flex-align-self-flex-start fusion-column-no-min-height\" style=\"--awb-bg-size:cover;--awb-width-large:100%;--awb-margin-top-large:0px;--awb-spacing-right-large:0px;--awb-margin-bottom-large:0px;--awb-spacing-left-large:0px;--awb-width-medium:100%;--awb-spacing-right-medium:0px;--awb-spacing-left-medium:0px;--awb-width-small:100%;--awb-spacing-right-small:0px;--awb-spacing-left-small:0px;\"><div class=\"fusion-column-wrapper fusion-flex-justify-content-flex-start fusion-content-layout-column\"><div class=\"fusion-counters-box counters-box row fusion-clearfix fusion-columns-3\" style=\"--awb-body-color:#ffffff;--awb-body-size:20;--awb-border-color:transparent;--awb-color:#ffffff;--awb-title-size:72;--awb-border-color:transparent;\"><div class=\"fusion-counter-box fusion-column col-counter-box counter-box-wrapper col-lg-4 col-md-4 col-sm-4 fusion-counter-box-icon-top\" data-animationOffset=\"top-into-view\"><div class=\"counter-box-container\"><div class=\"content-box-percentage content-box-counter\"><i class=\"counter-box-icon fontawesome-icon fa-grin-alt fas\" aria-hidden=\"true\"><\/i><span class=\"display-counter\" data-value=\"5\" data-direction=\"up\" data-decimals=\"0\">0<\/span><span class=\"unit\">K+<\/span><\/div><div class=\"counter-box-content\">Zufriedene Touristen<\/div><\/div><\/div><div class=\"fusion-counter-box fusion-column col-counter-box counter-box-wrapper col-lg-4 col-md-4 col-sm-4 fusion-counter-box-icon-top\" data-animationOffset=\"top-into-view\"><div class=\"counter-box-container\"><div class=\"content-box-percentage content-box-counter\"><i class=\"counter-box-icon fontawesome-icon fa-map-marked-alt fas\" aria-hidden=\"true\"><\/i><span class=\"display-counter\" data-value=\"50\" data-direction=\"up\" data-decimals=\"0\">0<\/span><span class=\"unit\">+<\/span><\/div><div class=\"counter-box-content\">Aktive Touren<\/div><\/div><\/div><div class=\"fusion-counter-box fusion-column col-counter-box counter-box-wrapper col-lg-4 col-md-4 col-sm-4 fusion-counter-box-icon-top\" data-animationOffset=\"top-into-view\"><div class=\"counter-box-container\"><div class=\"content-box-percentage content-box-counter\"><i class=\"counter-box-icon fontawesome-icon fa-map-marker-alt fas\" aria-hidden=\"true\"><\/i><span class=\"display-counter\" data-value=\"10\" data-direction=\"up\" data-decimals=\"0\">0<\/span><span class=\"unit\">+<\/span><\/div><div class=\"counter-box-content\">Pr\u00e4senz in apulischen St\u00e4dten<\/div><\/div><\/div><\/div><\/div><\/div><\/div><\/div><div class=\"fusion-fullwidth fullwidth-box fusion-builder-row-6 fusion-flex-container nonhundred-percent-fullwidth non-hundred-percent-height-scrolling\" style=\"--awb-border-radius-top-left:0px;--awb-border-radius-top-right:0px;--awb-border-radius-bottom-right:0px;--awb-border-radius-bottom-left:0px;--awb-padding-top:50px;--awb-padding-bottom:50px;--awb-flex-wrap:wrap;\" ><div class=\"fusion-builder-row fusion-row fusion-flex-align-items-flex-start fusion-flex-content-wrap\" style=\"max-width:1216.8px;margin-left: calc(-4% \/ 2 );margin-right: calc(-4% \/ 2 );\"><div class=\"fusion-layout-column fusion_builder_column fusion-builder-column-8 fusion_builder_column_1_1 1_1 fusion-flex-column\" style=\"--awb-bg-size:cover;--awb-width-large:100%;--awb-margin-top-large:0px;--awb-spacing-right-large:1.92%;--awb-margin-bottom-large:20px;--awb-spacing-left-large:1.92%;--awb-width-medium:100%;--awb-order-medium:0;--awb-spacing-right-medium:1.92%;--awb-spacing-left-medium:1.92%;--awb-width-small:100%;--awb-order-small:0;--awb-spacing-right-small:1.92%;--awb-spacing-left-small:1.92%;\"><div class=\"fusion-column-wrapper fusion-column-has-shadow fusion-flex-justify-content-flex-start fusion-content-layout-column\"><div class=\"fusion-text fusion-text-6\" style=\"--awb-text-transform:none;\"><h2 style=\"text-align: center;\">Unsere Kunden sind immer sicher<\/h2>\n<\/div><\/div><\/div><div class=\"fusion-layout-column fusion_builder_column fusion-builder-column-9 fusion_builder_column_1_3 1_3 fusion-flex-column\" style=\"--awb-bg-size:cover;--awb-width-large:33.333333333333%;--awb-margin-top-large:0px;--awb-spacing-right-large:5.76%;--awb-margin-bottom-large:20px;--awb-spacing-left-large:5.76%;--awb-width-medium:100%;--awb-order-medium:0;--awb-spacing-right-medium:1.92%;--awb-spacing-left-medium:1.92%;--awb-width-small:100%;--awb-order-small:0;--awb-spacing-right-small:1.92%;--awb-spacing-left-small:1.92%;\"><div class=\"fusion-column-wrapper fusion-column-has-shadow fusion-flex-justify-content-flex-start fusion-content-layout-column\"><div class=\"fusion-image-element \" style=\"--awb-caption-title-font-family:var(--h2_typography-font-family);--awb-caption-title-font-weight:var(--h2_typography-font-weight);--awb-caption-title-font-style:var(--h2_typography-font-style);--awb-caption-title-size:var(--h2_typography-font-size);--awb-caption-title-transform:var(--h2_typography-text-transform);--awb-caption-title-line-height:var(--h2_typography-line-height);--awb-caption-title-letter-spacing:var(--h2_typography-letter-spacing);\"><span class=\" fusion-imageframe imageframe-none imageframe-2 hover-type-none\"><img decoding=\"async\" width=\"350\" height=\"156\" alt=\"Reisegarantiefonds\" title=\"Reisegarantiefonds\" src=\"https:\/\/www.brindisiexperience.com\/wp-content\/uploads\/2022\/02\/335888d4005ed7a.jpg\" data-orig-src=\"https:\/\/www.brindisiexperience.com\/wp-content\/uploads\/2022\/02\/335888d4005ed7a.jpg\" class=\"lazyload img-responsive wp-image-5200\" srcset=\"data:image\/svg+xml,%3Csvg%20xmlns%3D%27http%3A%2F%2Fwww.w3.org%2F2000%2Fsvg%27%20width%3D%27350%27%20height%3D%27156%27%20viewBox%3D%270%200%20350%20156%27%3E%3Crect%20width%3D%27350%27%20height%3D%27156%27%20fill-opacity%3D%220%22%2F%3E%3C%2Fsvg%3E\" data-srcset=\"https:\/\/www.brindisiexperience.com\/wp-content\/uploads\/2022\/02\/335888d4005ed7a-200x89.jpg 200w, https:\/\/www.brindisiexperience.com\/wp-content\/uploads\/2022\/02\/335888d4005ed7a.jpg 350w\" data-sizes=\"auto\" data-orig-sizes=\"(max-width: 1024px) 100vw, (max-width: 640px) 100vw, 350px\" \/><\/span><\/div><\/div><\/div><div class=\"fusion-layout-column fusion_builder_column fusion-builder-column-10 fusion_builder_column_2_3 2_3 fusion-flex-column\" style=\"--awb-bg-size:cover;--awb-width-large:66.666666666667%;--awb-margin-top-large:20px;--awb-spacing-right-large:2.88%;--awb-margin-bottom-large:20px;--awb-spacing-left-large:2.88%;--awb-width-medium:100%;--awb-order-medium:0;--awb-spacing-right-medium:1.92%;--awb-spacing-left-medium:1.92%;--awb-width-small:100%;--awb-order-small:0;--awb-spacing-right-small:1.92%;--awb-spacing-left-small:1.92%;\"><div class=\"fusion-column-wrapper fusion-column-has-shadow fusion-flex-justify-content-flex-start fusion-content-layout-column\"><div class=\"fusion-text fusion-text-7\" style=\"--awb-text-transform:none;\"><p>Um unsere Kunden zu garantieren und zu sch\u00fctzen, hat sich unser Unternehmen dem Reisegarantiefonds angeschlossen. Travel Guarantee ist ein Fonds, der aus der Erfahrung von <strong>Reiseb\u00fcros und qualifizierten Fachleuten<\/strong> entstanden ist und im Falle der Insolvenz und des Konkurses von Veranstaltern oder Vermittlern von Pauschalreisen gem\u00e4\u00df dem Tourismusgesetzbuch einspringt.<\/p>\n<\/div><\/div><\/div><\/div><\/div><div class=\"fusion-fullwidth fullwidth-box fusion-builder-row-7 fusion-flex-container fusion-parallax-none nonhundred-percent-fullwidth non-hundred-percent-height-scrolling lazyload\" style=\"--awb-border-radius-top-left:0px;--awb-border-radius-top-right:0px;--awb-border-radius-bottom-right:0px;--awb-border-radius-bottom-left:0px;--awb-padding-top:90px;--awb-padding-bottom:57px;--awb-margin-top:30px;--awb-background-size:cover;--awb-flex-wrap:wrap;\" data-bg=\"https:\/\/www.brindisiexperience.com\/wp-content\/uploads\/2022\/02\/torre-guaceto.jpg\" ><div class=\"fusion-builder-row fusion-row fusion-flex-align-items-flex-start fusion-flex-content-wrap\" style=\"max-width:1216.8px;margin-left: calc(-4% \/ 2 );margin-right: calc(-4% \/ 2 );\"><div class=\"fusion-layout-column fusion_builder_column fusion-builder-column-11 fusion_builder_column_1_1 1_1 fusion-flex-column fusion-flex-align-self-flex-start fusion-column-no-min-height\" style=\"--awb-bg-size:cover;--awb-width-large:100%;--awb-margin-top-large:0px;--awb-spacing-right-large:1.92%;--awb-margin-bottom-large:50px;--awb-spacing-left-large:1.92%;--awb-width-medium:100%;--awb-spacing-right-medium:1.92%;--awb-spacing-left-medium:1.92%;--awb-width-small:100%;--awb-spacing-right-small:1.92%;--awb-spacing-left-small:1.92%;\"><div class=\"fusion-column-wrapper fusion-flex-justify-content-flex-start fusion-content-layout-column\"><div class=\"fusion-title title fusion-title-6 fusion-title-center fusion-title-text fusion-title-size-two\" style=\"--awb-text-color:#ffffff;\"><div class=\"title-sep-container title-sep-container-left\"><div class=\"title-sep sep- sep-solid\" style=\"border-color:#e2e2e2;\"><\/div><\/div><span class=\"awb-title-spacer\"><\/span><h2 class=\"fusion-title-heading title-heading-center fusion-responsive-typography-calculated\" style=\"margin:0;--fontSize:35;line-height:1.2;\">Wir setzen uns f\u00fcr den Schutz der Natur ein<\/h2><span class=\"awb-title-spacer\"><\/span><div class=\"title-sep-container title-sep-container-right\"><div class=\"title-sep sep- sep-solid\" style=\"border-color:#e2e2e2;\"><\/div><\/div><\/div><div class=\"fusion-text fusion-text-8\" style=\"--awb-text-transform:none;--awb-text-color:#ffffff;\"><div class=\"col-3\">\n<p>Bei der Organisation unserer Touren legen wir gro\u00dfen Wert auf die Erhaltung der Region, in der wir leben. Wir glauben an eine wirtschaftliche Entwicklung auf der Grundlage der Reicht\u00fcmer, die uns die Natur bietet, aber in einer nachhaltigen Weise, die mit ihrem Schutz vereinbar ist. Sie nehmen an all unseren Aktivit\u00e4ten als Tourist und Abenteurer teil, der sich bewusst ist, wie wichtig es ist, das Gleichgewicht der unber\u00fchrten Gebiete, in denen einige unserer Erlebnisse stattfinden, zu respektieren.<\/p>\n<p>Wir freuen uns, dass Sie darauf achten, die Verwendung von Einweg-Plastikartikeln einzuschr\u00e4nken. Lassen Sie uns dasselbe tun, indem wir Dienstleister und Beherbergungsbetriebe w\u00e4hlen, die mit alternativen Ma\u00dfnahmen zu Kunststoffen ausgestattet sind, die Kultur des Recyclings f\u00f6rdern und so die Verschwendung von Ressourcen reduzieren.<\/p>\n<\/div>\n<\/div><\/div><\/div><\/div><\/div><div class=\"fusion-fullwidth fullwidth-box fusion-builder-row-8 fusion-flex-container nonhundred-percent-fullwidth non-hundred-percent-height-scrolling\" style=\"--awb-background-position:left top;--awb-border-sizes-top:0px;--awb-border-sizes-bottom:0px;--awb-border-sizes-left:0px;--awb-border-sizes-right:0px;--awb-border-radius-top-left:0px;--awb-border-radius-top-right:0px;--awb-border-radius-bottom-right:0px;--awb-border-radius-bottom-left:0px;--awb-padding-top:100px;--awb-padding-bottom:70px;--awb-flex-wrap:wrap;\" ><div class=\"fusion-builder-row fusion-row fusion-flex-align-items-flex-start fusion-flex-content-wrap\" style=\"max-width:1216.8px;margin-left: calc(-4% \/ 2 );margin-right: calc(-4% \/ 2 );\"><div class=\"fusion-layout-column fusion_builder_column fusion-builder-column-12 fusion_builder_column_1_1 1_1 fusion-flex-column fusion-flex-align-self-flex-start fusion-column-no-min-height\" style=\"--awb-bg-size:cover;--awb-width-large:100%;--awb-margin-top-large:0px;--awb-spacing-right-large:1.92%;--awb-margin-bottom-large:50px;--awb-spacing-left-large:1.92%;--awb-width-medium:100%;--awb-spacing-right-medium:1.92%;--awb-spacing-left-medium:1.92%;--awb-width-small:100%;--awb-spacing-right-small:1.92%;--awb-spacing-left-small:1.92%;\"><div class=\"fusion-column-wrapper fusion-flex-justify-content-flex-start fusion-content-layout-column\"><div class=\"fusion-title title fusion-title-7 fusion-title-center fusion-title-text fusion-title-size-two\"><div class=\"title-sep-container title-sep-container-left\"><div class=\"title-sep sep- sep-solid\" style=\"border-color:#e2e2e2;\"><\/div><\/div><span class=\"awb-title-spacer\"><\/span><h2 class=\"fusion-title-heading title-heading-center fusion-responsive-typography-calculated\" style=\"margin:0;--fontSize:35;line-height:1.2;\">Gr\u00fcndungsmitglieder<\/h2><span class=\"awb-title-spacer\"><\/span><div class=\"title-sep-container title-sep-container-right\"><div class=\"title-sep sep- sep-solid\" style=\"border-color:#e2e2e2;\"><\/div><\/div><\/div><div class=\"fusion-text fusion-text-9\" style=\"--awb-text-transform:none;\"><p>Wir sind zwei Br\u00fcder aus Brindisi, die unser Land lieben. Mit Leidenschaft haben wir uns entschlossen, die Sch\u00f6nheiten unseres Territoriums jedem vorzustellen, der eine Reise voller Emotionen und Poesie unternehmen m\u00f6chte. Ja, denn die Orte und Erlebnisse, die wir vorschlagen, sind reine Poesie: eine Mischung aus Farben, D\u00fcften, Aromen und positiven Energien. Wir kennen unsere Stadt, Brindisi, sehr gut. Sie ist voller \u00dcberraschungen und ein strategischer Punkt, da sie nicht weit von verschiedenen anderen Attraktionen entfernt liegt, die man nicht verpassen darf.<\/p>\n<\/div><\/div><\/div><div class=\"fusion-layout-column fusion_builder_column fusion-builder-column-13 fusion_builder_column_1_2 1_2 fusion-flex-column\" style=\"--awb-padding-top:2%;--awb-padding-right:2%;--awb-padding-bottom:2%;--awb-padding-left:2%;--awb-bg-size:cover;--awb-width-large:50%;--awb-margin-top-large:0px;--awb-spacing-right-large:3.84%;--awb-margin-bottom-large:40px;--awb-spacing-left-large:3.84%;--awb-width-medium:100%;--awb-spacing-right-medium:1.92%;--awb-spacing-left-medium:1.92%;--awb-width-small:100%;--awb-spacing-right-small:1.92%;--awb-spacing-left-small:1.92%;\"><div class=\"fusion-column-wrapper fusion-flex-justify-content-flex-start fusion-content-layout-column\"><div class=\"fusion-person person fusion-person-center fusion-person-1 fusion-person-icon-top\" style=\"--awb-pic-style-color:#000000;--awb-pic-borderradius:0px;--awb-margin-top:0px;--awb-margin-right:0px;--awb-margin-bottom:0px;--awb-margin-left:0px;--awb-social-box-border-top:0px;--awb-social-box-border-right:0px;--awb-social-box-border-bottom:0px;--awb-social-box-border-left:0px;--awb-social-box-border-color:var(--awb-color3);--awb-social-box-border-color-hover:var(--awb-color4);--awb-social-box-colors-hover:rgba(242,243,245,0.8);--awb-social-icon-boxed-colors:#f2f3f5;--awb-social-icon-colors:#3b5998|#55acee;--awb-social-icon-colors-hover:rgba(158,160,164,0.8);\"><div class=\"person-shortcode-image-wrapper\"><div class=\"person-image-container hover-type-zoomin\" style=\"border:0px solid #f6f6f6;-webkit-border-radius:0px;-moz-border-radius:0px;border-radius:0px;\"><img decoding=\"async\" class=\"lazyload person-img img-responsive wp-image-10967\" width=\"500\" height=\"500\" src=\"\" data-orig-src=\"https:\/\/www.brindisiexperience.com\/wp-content\/uploads\/2023\/11\/Manuela-Brindisi-Experience.jpg\" alt=\"Manuela Buzzerra\" srcset=\"data:image\/gif;base64,R0lGODlhAQABAAAAACH5BAEKAAEALAAAAAABAAEAAAICTAEAOw==\" data-srcset=\"https:\/\/www.brindisiexperience.com\/wp-content\/uploads\/2023\/11\/Manuela-Brindisi-Experience-200x200.jpg 200w, https:\/\/www.brindisiexperience.com\/wp-content\/uploads\/2023\/11\/Manuela-Brindisi-Experience-400x400.jpg 400w, https:\/\/www.brindisiexperience.com\/wp-content\/uploads\/2023\/11\/Manuela-Brindisi-Experience.jpg 500w\" data-sizes=\"auto\" data-orig-sizes=\"(max-width: 1024px) 100vw, (max-width: 640px) 100vw, 500px\" \/><\/div><\/div><div class=\"person-desc\" style=\"background-color:#ffffff;padding:40px;margin-top:0;\"><div class=\"person-author\"><div class=\"person-author-wrapper\"><span class=\"person-name\">Manuela Buzzerra<\/span><span class=\"person-title\">Gr\u00fcnder<\/span><\/div><div class=\"fusion-social-networks\"><div class=\"fusion-social-networks-wrapper\"><a class=\"fusion-social-network-icon fusion-tooltip fusion-facebook awb-icon-facebook custom\" aria-label=\"fusion-facebook\" href=\"https:\/\/www.facebook.com\/MANUELA-BUZZERRA-111305853752\" target=\"_blank\" rel=\"noopener noreferrer\" style=\"color:#3b5998;font-size:16px;\" data-placement=\"bottom\" data-title=\"Facebook\" title=\"Facebook\" data-toggle=\"tooltip\"><\/a><a class=\"fusion-social-network-icon fusion-tooltip fusion-instagram awb-icon-instagram custom\" aria-label=\"fusion-instagram\" href=\"https:\/\/www.instagram.com\/manuela_buzzerra_\" target=\"_blank\" rel=\"noopener noreferrer\" style=\"color:#55acee;font-size:16px;\" data-placement=\"bottom\" data-title=\"Instagram\" title=\"Instagram\" data-toggle=\"tooltip\"><\/a><\/div><\/div><\/div><div class=\"person-content fusion-clearfix\">Besch\u00e4ftigt mit der Pflege der Beziehungen zu Lieferanten und Kunden. Sie ist entschlossen und aufmerksam, aber auch sehr freundlich und r\u00fcstig. Ein Gespr\u00e4ch mit ihr wird nicht ohne ein L\u00e4cheln enden k\u00f6nnen!<\/div><\/div><\/div><\/div><\/div><div class=\"fusion-layout-column fusion_builder_column fusion-builder-column-14 fusion_builder_column_1_2 1_2 fusion-flex-column\" style=\"--awb-padding-top:2%;--awb-padding-right:2%;--awb-padding-bottom:2%;--awb-padding-left:2%;--awb-bg-size:cover;--awb-width-large:50%;--awb-margin-top-large:0px;--awb-spacing-right-large:3.84%;--awb-margin-bottom-large:40px;--awb-spacing-left-large:3.84%;--awb-width-medium:100%;--awb-spacing-right-medium:1.92%;--awb-spacing-left-medium:1.92%;--awb-width-small:100%;--awb-spacing-right-small:1.92%;--awb-spacing-left-small:1.92%;\"><div class=\"fusion-column-wrapper fusion-flex-justify-content-flex-start fusion-content-layout-column\"><div class=\"fusion-person person fusion-person-center fusion-person-2 fusion-person-icon-top\" style=\"--awb-pic-style-color:#000000;--awb-pic-borderradius:0px;--awb-margin-top:0px;--awb-margin-right:0px;--awb-margin-bottom:0px;--awb-margin-left:0px;--awb-social-box-border-top:0px;--awb-social-box-border-right:0px;--awb-social-box-border-bottom:0px;--awb-social-box-border-left:0px;--awb-social-box-border-color:var(--awb-color3);--awb-social-box-border-color-hover:var(--awb-color4);--awb-social-box-colors-hover:rgba(242,243,245,0.8);--awb-social-icon-boxed-colors:#f2f3f5;--awb-social-icon-colors:#3b5998|#55acee;--awb-social-icon-colors-hover:rgba(158,160,164,0.8);\"><div class=\"person-shortcode-image-wrapper\"><div class=\"person-image-container hover-type-zoomin\" style=\"border:0px solid #f6f6f6;-webkit-border-radius:0px;-moz-border-radius:0px;border-radius:0px;\"><img decoding=\"async\" class=\"lazyload person-img img-responsive wp-image-10963\" width=\"500\" height=\"500\" src=\"\" data-orig-src=\"https:\/\/www.brindisiexperience.com\/wp-content\/uploads\/2023\/11\/Cosimo-Brindisi-Experience.jpg\" alt=\"Cosimo Buzzerra\" srcset=\"data:image\/gif;base64,R0lGODlhAQABAAAAACH5BAEKAAEALAAAAAABAAEAAAICTAEAOw==\" data-srcset=\"https:\/\/www.brindisiexperience.com\/wp-content\/uploads\/2023\/11\/Cosimo-Brindisi-Experience-200x200.jpg 200w, https:\/\/www.brindisiexperience.com\/wp-content\/uploads\/2023\/11\/Cosimo-Brindisi-Experience-400x400.jpg 400w, https:\/\/www.brindisiexperience.com\/wp-content\/uploads\/2023\/11\/Cosimo-Brindisi-Experience.jpg 500w\" data-sizes=\"auto\" data-orig-sizes=\"(max-width: 1024px) 100vw, (max-width: 640px) 100vw, 500px\" \/><\/div><\/div><div class=\"person-desc\" style=\"background-color:#ffffff;padding:40px;margin-top:0;\"><div class=\"person-author\"><div class=\"person-author-wrapper\"><span class=\"person-name\">Cosimo Buzzerra<\/span><span class=\"person-title\">Gr\u00fcnder<\/span><\/div><div class=\"fusion-social-networks\"><div class=\"fusion-social-networks-wrapper\"><a class=\"fusion-social-network-icon fusion-tooltip fusion-facebook awb-icon-facebook custom\" aria-label=\"fusion-facebook\" href=\"https:\/\/www.facebook.com\/buzzerra\" target=\"_blank\" rel=\"noopener noreferrer\" style=\"color:#3b5998;font-size:16px;\" data-placement=\"bottom\" data-title=\"Facebook\" title=\"Facebook\" data-toggle=\"tooltip\"><\/a><a class=\"fusion-social-network-icon fusion-tooltip fusion-instagram awb-icon-instagram custom\" aria-label=\"fusion-instagram\" href=\"https:\/\/www.instagram.com\/il_buz_\/\" target=\"_blank\" rel=\"noopener noreferrer\" style=\"color:#55acee;font-size:16px;\" data-placement=\"bottom\" data-title=\"Instagram\" title=\"Instagram\" data-toggle=\"tooltip\"><\/a><\/div><\/div><\/div><div class=\"person-content fusion-clearfix\">Er leitet das Back Office und die Verwaltung des Unternehmens. Er liebt sein Land, er ist stur und hat immer etwas zu tun, aber wenn Sie ihn ablenken wollen, bieten Sie ihm einen Aperitif mit Blick auf das Meer an!<\/div><\/div><\/div><\/div><\/div><\/div><\/div><\/p>\n","protected":false},"excerpt":{"rendered":"","protected":false},"author":1,"featured_media":0,"parent":0,"menu_order":0,"comment_status":"closed","ping_status":"closed","template":"100-width.php","meta":{"footnotes":""},"class_list":["post-6044","page","type-page","status-publish","hentry"],"yoast_head":"<!-- This site is optimized with the Yoast SEO Premium plugin v24.5 (Yoast SEO v28.3) - https:\/\/yoast.com\/product\/yoast-seo-premium-wordpress\/ -->\n<title>\u00dcber uns - Brindisi Experience<\/title>\n<meta name=\"robots\" content=\"index, follow, max-snippet:-1, max-image-preview:large, max-video-preview:-1\" \/>\n<link rel=\"canonical\" href=\"https:\/\/www.brindisiexperience.com\/de\/ueber-uns\/\" \/>\n<meta property=\"og:locale\" content=\"de_DE\" \/>\n<meta property=\"og:type\" content=\"article\" \/>\n<meta property=\"og:title\" content=\"\u00dcber uns\" \/>\n<meta property=\"og:url\" content=\"https:\/\/www.brindisiexperience.com\/de\/ueber-uns\/\" \/>\n<meta property=\"og:site_name\" content=\"Brindisi Experience\" \/>\n<meta property=\"article:publisher\" content=\"https:\/\/www.facebook.com\/brindisiexperience\" \/>\n<meta property=\"article:modified_time\" content=\"2024-02-09T18:08:07+00:00\" \/>\n<meta property=\"og:image\" content=\"https:\/\/www.brindisiexperience.com\/wp-content\/uploads\/2022\/03\/logoquadrato.png\" \/>\n\t<meta property=\"og:image:width\" content=\"531\" \/>\n\t<meta property=\"og:image:height\" content=\"531\" \/>\n\t<meta property=\"og:image:type\" content=\"image\/png\" \/>\n<meta name=\"twitter:card\" content=\"summary_large_image\" \/>\n<meta name=\"twitter:label1\" content=\"Gesch\u00e4tzte Lesezeit\" \/>\n\t<meta name=\"twitter:data1\" content=\"51\u00a0Minuten\" \/>\n<script type=\"application\/ld+json\" class=\"yoast-schema-graph\">{\"@context\":\"https:\\\/\\\/schema.org\",\"@graph\":[{\"@type\":\"WebPage\",\"@id\":\"https:\\\/\\\/www.brindisiexperience.com\\\/de\\\/ueber-uns\\\/\",\"url\":\"https:\\\/\\\/www.brindisiexperience.com\\\/de\\\/ueber-uns\\\/\",\"name\":\"\u00dcber uns - Brindisi Experience\",\"isPartOf\":{\"@id\":\"https:\\\/\\\/www.brindisiexperience.com\\\/de\\\/#website\"},\"datePublished\":\"2022-03-19T14:14:00+00:00\",\"dateModified\":\"2024-02-09T18:08:07+00:00\",\"breadcrumb\":{\"@id\":\"https:\\\/\\\/www.brindisiexperience.com\\\/de\\\/ueber-uns\\\/#breadcrumb\"},\"inLanguage\":\"de\",\"potentialAction\":[{\"@type\":\"ReadAction\",\"target\":[\"https:\\\/\\\/www.brindisiexperience.com\\\/de\\\/ueber-uns\\\/\"]}]},{\"@type\":\"BreadcrumbList\",\"@id\":\"https:\\\/\\\/www.brindisiexperience.com\\\/de\\\/ueber-uns\\\/#breadcrumb\",\"itemListElement\":[{\"@type\":\"ListItem\",\"position\":1,\"name\":\"Home\",\"item\":\"https:\\\/\\\/www.brindisiexperience.com\\\/de\\\/\"},{\"@type\":\"ListItem\",\"position\":2,\"name\":\"\u00dcber uns\"}]},{\"@type\":\"WebSite\",\"@id\":\"https:\\\/\\\/www.brindisiexperience.com\\\/de\\\/#website\",\"url\":\"https:\\\/\\\/www.brindisiexperience.com\\\/de\\\/\",\"name\":\"Brindisi Experience\",\"description\":\"Apulia Tour Operator\",\"publisher\":{\"@id\":\"https:\\\/\\\/www.brindisiexperience.com\\\/de\\\/#organization\"},\"potentialAction\":[{\"@type\":\"SearchAction\",\"target\":{\"@type\":\"EntryPoint\",\"urlTemplate\":\"https:\\\/\\\/www.brindisiexperience.com\\\/de\\\/?s={search_term_string}\"},\"query-input\":{\"@type\":\"PropertyValueSpecification\",\"valueRequired\":true,\"valueName\":\"search_term_string\"}}],\"inLanguage\":\"de\"},{\"@type\":\"Organization\",\"@id\":\"https:\\\/\\\/www.brindisiexperience.com\\\/de\\\/#organization\",\"name\":\"Buzz experience srls\",\"url\":\"https:\\\/\\\/www.brindisiexperience.com\\\/de\\\/\",\"logo\":{\"@type\":\"ImageObject\",\"inLanguage\":\"de\",\"@id\":\"https:\\\/\\\/www.brindisiexperience.com\\\/de\\\/#\\\/schema\\\/logo\\\/image\\\/\",\"url\":\"https:\\\/\\\/www.brindisiexperience.com\\\/wp-content\\\/uploads\\\/2023\\\/11\\\/Logo-Brindisi-Experience-bg-trasp-rett.png\",\"contentUrl\":\"https:\\\/\\\/www.brindisiexperience.com\\\/wp-content\\\/uploads\\\/2023\\\/11\\\/Logo-Brindisi-Experience-bg-trasp-rett.png\",\"width\":500,\"height\":258,\"caption\":\"Buzz experience srls\"},\"image\":{\"@id\":\"https:\\\/\\\/www.brindisiexperience.com\\\/de\\\/#\\\/schema\\\/logo\\\/image\\\/\"},\"sameAs\":[\"https:\\\/\\\/www.facebook.com\\\/brindisiexperience\",\"https:\\\/\\\/www.instagram.com\\\/brindisiexperience\"]}]}<\/script>\n<!-- \/ Yoast SEO Premium plugin. -->","yoast_head_json":{"title":"\u00dcber uns - Brindisi Experience","robots":{"index":"index","follow":"follow","max-snippet":"max-snippet:-1","max-image-preview":"max-image-preview:large","max-video-preview":"max-video-preview:-1"},"canonical":"https:\/\/www.brindisiexperience.com\/de\/ueber-uns\/","og_locale":"de_DE","og_type":"article","og_title":"\u00dcber uns","og_url":"https:\/\/www.brindisiexperience.com\/de\/ueber-uns\/","og_site_name":"Brindisi Experience","article_publisher":"https:\/\/www.facebook.com\/brindisiexperience","article_modified_time":"2024-02-09T18:08:07+00:00","og_image":[{"width":531,"height":531,"url":"https:\/\/www.brindisiexperience.com\/wp-content\/uploads\/2022\/03\/logoquadrato.png","type":"image\/png"}],"twitter_card":"summary_large_image","twitter_misc":{"Gesch\u00e4tzte Lesezeit":"51\u00a0Minuten"},"schema":{"@context":"https:\/\/schema.org","@graph":[{"@type":"WebPage","@id":"https:\/\/www.brindisiexperience.com\/de\/ueber-uns\/","url":"https:\/\/www.brindisiexperience.com\/de\/ueber-uns\/","name":"\u00dcber uns - Brindisi Experience","isPartOf":{"@id":"https:\/\/www.brindisiexperience.com\/de\/#website"},"datePublished":"2022-03-19T14:14:00+00:00","dateModified":"2024-02-09T18:08:07+00:00","breadcrumb":{"@id":"https:\/\/www.brindisiexperience.com\/de\/ueber-uns\/#breadcrumb"},"inLanguage":"de","potentialAction":[{"@type":"ReadAction","target":["https:\/\/www.brindisiexperience.com\/de\/ueber-uns\/"]}]},{"@type":"BreadcrumbList","@id":"https:\/\/www.brindisiexperience.com\/de\/ueber-uns\/#breadcrumb","itemListElement":[{"@type":"ListItem","position":1,"name":"Home","item":"https:\/\/www.brindisiexperience.com\/de\/"},{"@type":"ListItem","position":2,"name":"\u00dcber uns"}]},{"@type":"WebSite","@id":"https:\/\/www.brindisiexperience.com\/de\/#website","url":"https:\/\/www.brindisiexperience.com\/de\/","name":"Brindisi Experience","description":"Apulia Tour Operator","publisher":{"@id":"https:\/\/www.brindisiexperience.com\/de\/#organization"},"potentialAction":[{"@type":"SearchAction","target":{"@type":"EntryPoint","urlTemplate":"https:\/\/www.brindisiexperience.com\/de\/?s={search_term_string}"},"query-input":{"@type":"PropertyValueSpecification","valueRequired":true,"valueName":"search_term_string"}}],"inLanguage":"de"},{"@type":"Organization","@id":"https:\/\/www.brindisiexperience.com\/de\/#organization","name":"Buzz experience srls","url":"https:\/\/www.brindisiexperience.com\/de\/","logo":{"@type":"ImageObject","inLanguage":"de","@id":"https:\/\/www.brindisiexperience.com\/de\/#\/schema\/logo\/image\/","url":"https:\/\/www.brindisiexperience.com\/wp-content\/uploads\/2023\/11\/Logo-Brindisi-Experience-bg-trasp-rett.png","contentUrl":"https:\/\/www.brindisiexperience.com\/wp-content\/uploads\/2023\/11\/Logo-Brindisi-Experience-bg-trasp-rett.png","width":500,"height":258,"caption":"Buzz experience srls"},"image":{"@id":"https:\/\/www.brindisiexperience.com\/de\/#\/schema\/logo\/image\/"},"sameAs":["https:\/\/www.facebook.com\/brindisiexperience","https:\/\/www.instagram.com\/brindisiexperience"]}]}},"_links":{"self":[{"href":"https:\/\/www.brindisiexperience.com\/de\/wp-json\/wp\/v2\/pages\/6044","targetHints":{"allow":["GET"]}}],"collection":[{"href":"https:\/\/www.brindisiexperience.com\/de\/wp-json\/wp\/v2\/pages"}],"about":[{"href":"https:\/\/www.brindisiexperience.com\/de\/wp-json\/wp\/v2\/types\/page"}],"author":[{"embeddable":true,"href":"https:\/\/www.brindisiexperience.com\/de\/wp-json\/wp\/v2\/users\/1"}],"replies":[{"embeddable":true,"href":"https:\/\/www.brindisiexperience.com\/de\/wp-json\/wp\/v2\/comments?post=6044"}],"version-history":[{"count":0,"href":"https:\/\/www.brindisiexperience.com\/de\/wp-json\/wp\/v2\/pages\/6044\/revisions"}],"wp:attachment":[{"href":"https:\/\/www.brindisiexperience.com\/de\/wp-json\/wp\/v2\/media?parent=6044"}],"curies":[{"name":"wp","href":"https:\/\/api.w.org\/{rel}","templated":true}]}}